{"id":14690,"date":"2023-06-26T11:46:31","date_gmt":"2023-06-26T09:46:31","guid":{"rendered":"https:\/\/www.saf-allestimenti.com\/contract\/"},"modified":"2024-09-20T16:28:12","modified_gmt":"2024-09-20T14:28:12","slug":"contrat","status":"publish","type":"page","link":"https:\/\/www.saf-allestimenti.com\/fr\/contrat\/","title":{"rendered":"Contrat"},"content":{"rendered":"<section class=\"l-section wpb_row us_custom_406b5f0d us_animate_this hide_on_tablets hide_on_mobiles height_auto width_full color_primary\"><div class=\"l-section-h i-cf\"><div class=\"g-cols vc_row via_flex valign_top type_default stacking_default\"><div class=\"vc_col-sm-12 wpb_column vc_column_container\"><div class=\"vc_column-inner\"><div class=\"wpb_wrapper\"><div class=\"w-video align_none ratio_16x9 with_overlay\" style=\"background-image:url(https:\/\/www.saf-allestimenti.com\/wp-content\/uploads\/2024\/06\/cover-design-scaled.jpg);\" onclick=\"return {&quot;player_html&quot;:&quot;&lt;video  preload=\\&quot;none\\&quot; playsinline controls&gt;&lt;source type=\\&quot;video\\\/mp4\\&quot; src=\\&quot;https:\\\/\\\/www.saf-allestimenti.com\\\/wp-content\\\/uploads\\\/2024\\\/08\\\/Saf-Allestimenti-contract-100.mp4\\&quot; \\\/&gt;&lt;\\\/video&gt;&quot;}\"><button class=\"w-video-play\" type=\"button\" aria-label=\"Lecture\"><span class=\"w-video-play-icon\" style=\"font-size:1.5rem;background:rgba(0,0,0,0.5);color:#ffffff\"><\/span><\/button><div class=\"w-video-h\"><video  preload=\"none\" playsinline controls><source type=\"video\/mp4\" src=\"https:\/\/www.saf-allestimenti.com\/wp-content\/uploads\/2024\/08\/Saf-Allestimenti-contract-100.mp4\" \/><\/video><\/div><\/div><\/div><\/div><\/div><\/div><\/div><\/section><section class=\"l-section wpb_row us_custom_406b5f0d us_animate_this hide_on_default hide_on_laptops height_auto width_full color_primary\"><div class=\"l-section-h i-cf\"><div class=\"g-cols vc_row via_flex valign_top type_default stacking_default\"><div class=\"vc_col-sm-12 wpb_column vc_column_container\"><div class=\"vc_column-inner\"><div class=\"wpb_wrapper\"><div class=\"w-separator size_custom\" style=\"height:80px\"><\/div><div class=\"w-video align_none ratio_16x9 with_overlay\" style=\"background-image:url(https:\/\/www.saf-allestimenti.com\/wp-content\/uploads\/2024\/06\/cover-design-scaled.jpg);\" onclick=\"return {&quot;player_html&quot;:&quot;&lt;video  preload=\\&quot;none\\&quot; playsinline controls&gt;&lt;source type=\\&quot;video\\\/mp4\\&quot; src=\\&quot;https:\\\/\\\/www.saf-allestimenti.com\\\/wp-content\\\/uploads\\\/2024\\\/08\\\/Saf-Allestimenti-contract-100.mp4\\&quot; \\\/&gt;&lt;\\\/video&gt;&quot;}\"><button class=\"w-video-play\" type=\"button\" aria-label=\"Lecture\"><span class=\"w-video-play-icon\" style=\"font-size:1.5rem;background:rgba(0,0,0,0.5);color:#ffffff\"><\/span><\/button><div class=\"w-video-h\"><video  preload=\"none\" playsinline controls><source type=\"video\/mp4\" src=\"https:\/\/www.saf-allestimenti.com\/wp-content\/uploads\/2024\/08\/Saf-Allestimenti-contract-100.mp4\" \/><\/video><\/div><\/div><\/div><\/div><\/div><\/div><\/div><\/section><section class=\"l-section wpb_row height_medium\"><div class=\"l-section-overlay\" style=\"background:#000000\"><\/div><div class=\"l-section-h i-cf\"><div class=\"g-cols vc_row via_flex valign_top type_default stacking_default\"><div class=\"vc_col-sm-6 wpb_column vc_column_container\"><div class=\"vc_column-inner us_custom_14c3d9a0 us_animate_this\"><div class=\"wpb_wrapper\"><div class=\"w-separator us_custom_81a92080 size_small with_line width_default thick_1 style_solid color_text align_center\"><div class=\"w-separator-h\"><\/div><\/div><div class=\"w-separator size_custom\" style=\"height:10px\"><\/div><div class=\"w-hwrapper valign_baseline align_none\" style=\"--hwrapper-gap:1rem\"><div class=\"wpb_text_column us_custom_506499c8 has_text_color\"><div class=\"wpb_wrapper\"><p>Votre<\/p>\n<\/div><\/div><div class=\"wpb_text_column us_custom_506499c8 has_text_color\"><div class=\"wpb_wrapper\"><p>entrepreneur<\/p>\n<\/div><\/div><\/div><div class=\"w-separator size_custom\" style=\"height:25px\"><\/div><div class=\"w-hwrapper valign_baseline align_none\" style=\"--hwrapper-gap:1rem\"><div class=\"wpb_text_column us_custom_82e966e5 has_text_color\"><div class=\"wpb_wrapper\"><p>g\u00e9n\u00e9ral<\/p>\n<\/div><\/div><\/div><div class=\"w-separator size_custom\" style=\"height:25px\"><\/div><div class=\"w-hwrapper valign_baseline align_none\" style=\"--hwrapper-gap:1rem\"><div class=\"wpb_text_column us_custom_82e966e5 has_text_color\"><div class=\"wpb_wrapper\"><p>de<\/p>\n<\/div><\/div><\/div><div class=\"w-separator size_custom\" style=\"height:25px\"><\/div><div class=\"w-hwrapper valign_baseline align_none\" style=\"--hwrapper-gap:1rem\"><div class=\"wpb_text_column us_custom_07a1d1d1 has_text_color\"><div class=\"wpb_wrapper\"><p>confiance<\/p>\n<\/div><\/div><\/div><\/div><\/div><\/div><div class=\"vc_col-sm-6 wpb_column vc_column_container\"><div class=\"vc_column-inner us_custom_c265128b us_animate_this\"><div class=\"wpb_wrapper\"><div class=\"w-separator size_custom\" style=\"height:25px\"><\/div><div class=\"wpb_text_column us_custom_a5c88937\"><div class=\"wpb_wrapper\"><p>SAF ALLESTIMENTI est un ENTREPRENEUR G\u00c9N\u00c9RAL sp\u00e9cialis\u00e9 dans les secteurs priv\u00e9, public, industriel et commercial.<\/p>\n<p>Elle propose des solutions de conception innovantes MADE IN ITALY en adoptant des philosophies \u00e9cologiques ayant un impact minimal sur l&rsquo;environnement.<\/p>\n<p>Elle emploie du personnel hautement qualifi\u00e9 et des entreprises locales s\u00e9lectionn\u00e9es qui travaillent sous la direction de techniciens internes sp\u00e9cialis\u00e9s.<\/p>\n<p>Nos solutions comprennent :<\/p>\n<ul>\n<li>CONCEPTION<\/li>\n<li>CONCEPTION ET GESTION DE LA CONSTRUCTION<\/li>\n<li>SOLUTION CL\u00c9 EN MAIN<\/li>\n<\/ul>\n<\/div><\/div><div class=\"w-separator us_custom_81a92080 size_small\"><\/div><div class=\"wpb_text_column us_custom_ca83fe9c\"><div class=\"wpb_wrapper\"><p><a href=\"https:\/\/www.saf-allestimenti.com\/wp-content\/uploads\/2024\/09\/Brochure_Saf_Design_FR_LQ-1.pdf\" target=\"_blank\" rel=\"noopener\">T\u00c9L\u00c9GARGER BROCHURE<\/a><\/p>\n<\/div><\/div><\/div><\/div><\/div><\/div><\/div><\/section><section class=\"l-section wpb_row us_custom_097b9c32 us_animate_this height_auto with_video\"><div id=\"us_bg_video_ie82\" class=\"l-section-video\"><script id=\"us_bg_video_ie82-script\">!function(w){var node = document.getElementById( 'us_bg_video_ie82' );if ( w.innerWidth <= 1024 ) { node.remove() }}(window);<\/script><style>@media(max-width:1024px){#us_bg_video_ie82{display:none!important}}<\/style><video  autoplay loop muted playsinline preload=\"auto\"><source type=\"video\/mp4\" src=\"https:\/\/www.saf-allestimenti.com\/wp-content\/uploads\/2023\/12\/200116_Lens-effect_colour_4k_016.mov\" \/><\/video><\/div><div class=\"l-section-h i-cf\"><div class=\"g-cols vc_row via_flex valign_top type_default stacking_default\"><div class=\"vc_col-sm-12 wpb_column vc_column_container\"><div class=\"vc_column-inner\"><div class=\"wpb_wrapper\"><div class=\"w-separator size_custom\" style=\"height:6px\"><\/div><\/div><\/div><\/div><\/div><\/div><\/section><section class=\"l-section wpb_row us_custom_83383289 us_animate_this height_medium width_full\"><div class=\"l-section-overlay\" style=\"background:#000000\"><\/div><div class=\"l-section-h i-cf\"><div class=\"g-cols vc_row via_flex valign_top type_default stacking_default\"><div class=\"vc_col-sm-12 wpb_column vc_column_container\"><div class=\"vc_column-inner us_custom_56a77aad\"><div class=\"wpb_wrapper\"><div class=\"w-grid us_custom_f73f4019 type_grid layout_9288 cols_4 pagination_ajax with_css_animation ratio_4x3\" id=\"us_grid_1\" style=\"--columns:4;--gap:1.5rem;--item-ratio:0.75;\" data-filterable=\"true\"><style>@media (max-width:1280px){#us_grid_1{--columns:3!important}}@media (max-width:1024px){#us_grid_1{--columns:2!important}}@media (max-width:600px){#us_grid_1{--columns:1!important}}.layout_9288 .w-grid-item-h{background:#333;border-radius:0.5rem;box-shadow:0 0.2rem 0.4rem rgba(0,0,0,0.1),0 0.67rem 2rem rgba(0,0,0,0.1);transition-duration:0.3s}.no-touch .layout_9288 .w-grid-item-h:hover{box-shadow:0 0rem 0rem rgba(0,0,0,0.1),0 0rem 0rem rgba(0,0,0,0.15);z-index:4}.layout_9288 .usg_post_image_1{position:absolute!important;left:0!important;top:0!important;bottom:0!important;right:0!important}.layout_9288 .usg_vwrapper_1{position:absolute!important;right:0!important;bottom:0!important;left:0!important;background:linear-gradient(transparent,rgba(30,30,30,0.8))!important;padding:4rem 2rem 1.5rem 2rem!important}.layout_9288 .usg_post_title_1{color:var(--color-header-middle-text)!important;font-size:1.2rem!important}.layout_9288 .usg_post_taxonomy_1{color:var(--color-header-middle-text)!important;font-size:12px!important}<\/style><div class=\"w-grid-list\">\t<article class=\"w-grid-item us_animate_afb size_1x1 post-14708 us_portfolio type-us_portfolio status-publish has-post-thumbnail hentry us_portfolio_category-technologie\" data-id=\"14708\" style=\"animation-delay:0s\">\r\n\t\t<div class=\"w-grid-item-h\">\r\n\t\t\t\t\t\t\t<a href=\"https:\/\/www.saf-allestimenti.com\/fr\/projets\/alitalia-aeroporto-internazionale-leonardo-da-vinci-roma\/\" class=\"w-grid-item-anchor\" aria-label=\"ALITALIA &#8211; AEROPORTO INTERNAZIONALE LEONARDO DA VINCI &#8211; ROMA\"><\/a>\r\n\t\t\t\t\t\t<div class=\"w-post-elm post_image usg_post_image_1 stretched\"><img loading=\"lazy\" decoding=\"async\" width=\"1024\" height=\"768\" src=\"https:\/\/www.saf-allestimenti.com\/wp-content\/uploads\/2023\/07\/saf-allestimenti-contract-alitalia-aeroporto-internazionale-leonardo-da-vinci-roma-05-1024x768.jpg\" class=\"attachment-large size-large wp-post-image\" alt=\"\" srcset=\"https:\/\/www.saf-allestimenti.com\/wp-content\/uploads\/2023\/07\/saf-allestimenti-contract-alitalia-aeroporto-internazionale-leonardo-da-vinci-roma-05-1024x768.jpg 1024w, https:\/\/www.saf-allestimenti.com\/wp-content\/uploads\/2023\/07\/saf-allestimenti-contract-alitalia-aeroporto-internazionale-leonardo-da-vinci-roma-05-300x225.jpg 300w, https:\/\/www.saf-allestimenti.com\/wp-content\/uploads\/2023\/07\/saf-allestimenti-contract-alitalia-aeroporto-internazionale-leonardo-da-vinci-roma-05-1536x1152.jpg 1536w, https:\/\/www.saf-allestimenti.com\/wp-content\/uploads\/2023\/07\/saf-allestimenti-contract-alitalia-aeroporto-internazionale-leonardo-da-vinci-roma-05.jpg 1600w\" sizes=\"auto, (max-width: 1024px) 100vw, 1024px\" \/><\/div><div class=\"w-vwrapper usg_vwrapper_1 align_none valign_top\"><h2 class=\"w-post-elm post_title usg_post_title_1 has_text_color entry-title color_link_inherit\">ALITALIA &#8211; AEROPORTO INTERNAZIONALE LEONARDO DA VINCI &#8211; ROMA<\/h2><div class=\"w-post-elm post_taxonomy usg_post_taxonomy_1 has_text_color style_simple color_link_inherit\"><span class=\"term-66 term-technologie\">TECHNOLOGIE<\/span><\/div><\/div>\t\t<\/div>\r\n\t\t\t<\/article>\r\n\t<article class=\"w-grid-item us_animate_afb size_1x1 post-15109 us_portfolio type-us_portfolio status-publish has-post-thumbnail hentry us_portfolio_category-technologie\" data-id=\"15109\" style=\"animation-delay:0.1s\">\r\n\t\t<div class=\"w-grid-item-h\">\r\n\t\t\t\t\t\t\t<a href=\"https:\/\/www.saf-allestimenti.com\/fr\/projets\/bfh-art-gallery-bahrain\/\" class=\"w-grid-item-anchor\" aria-label=\"BFH ART GALLERY &#8211; BAHRAIN\"><\/a>\r\n\t\t\t\t\t\t<div class=\"w-post-elm post_image usg_post_image_1 stretched\"><img loading=\"lazy\" decoding=\"async\" width=\"1024\" height=\"768\" src=\"https:\/\/www.saf-allestimenti.com\/wp-content\/uploads\/2023\/07\/saf-allestimenti-contract-tecnologia-bfh-art-gallery-bahrain-06-1024x768.jpg\" class=\"attachment-large size-large wp-post-image\" alt=\"\" srcset=\"https:\/\/www.saf-allestimenti.com\/wp-content\/uploads\/2023\/07\/saf-allestimenti-contract-tecnologia-bfh-art-gallery-bahrain-06-1024x768.jpg 1024w, https:\/\/www.saf-allestimenti.com\/wp-content\/uploads\/2023\/07\/saf-allestimenti-contract-tecnologia-bfh-art-gallery-bahrain-06-300x225.jpg 300w, https:\/\/www.saf-allestimenti.com\/wp-content\/uploads\/2023\/07\/saf-allestimenti-contract-tecnologia-bfh-art-gallery-bahrain-06-1536x1152.jpg 1536w, https:\/\/www.saf-allestimenti.com\/wp-content\/uploads\/2023\/07\/saf-allestimenti-contract-tecnologia-bfh-art-gallery-bahrain-06.jpg 1600w\" sizes=\"auto, (max-width: 1024px) 100vw, 1024px\" \/><\/div><div class=\"w-vwrapper usg_vwrapper_1 align_none valign_top\"><h2 class=\"w-post-elm post_title usg_post_title_1 has_text_color entry-title color_link_inherit\">BFH ART GALLERY &#8211; BAHRAIN<\/h2><div class=\"w-post-elm post_taxonomy usg_post_taxonomy_1 has_text_color style_simple color_link_inherit\"><span class=\"term-66 term-technologie\">TECHNOLOGIE<\/span><\/div><\/div>\t\t<\/div>\r\n\t\t\t<\/article>\r\n\t<article class=\"w-grid-item us_animate_afb size_1x1 post-15131 us_portfolio type-us_portfolio status-publish has-post-thumbnail hentry us_portfolio_category-art\" data-id=\"15131\" style=\"animation-delay:0.2s\">\r\n\t\t<div class=\"w-grid-item-h\">\r\n\t\t\t\t\t\t\t<a href=\"https:\/\/www.saf-allestimenti.com\/fr\/projets\/centro-spaziale-qatar\/\" class=\"w-grid-item-anchor\" aria-label=\"CENTRO SPAZIALE &#8211; QATAR\"><\/a>\r\n\t\t\t\t\t\t<div class=\"w-post-elm post_image usg_post_image_1 stretched\"><img loading=\"lazy\" decoding=\"async\" width=\"537\" height=\"715\" src=\"https:\/\/www.saf-allestimenti.com\/wp-content\/uploads\/2023\/07\/saf-allestimenti-contract-arte-centro-spaziale-qatar-06-1.jpg\" class=\"attachment-large size-large wp-post-image\" alt=\"\" srcset=\"https:\/\/www.saf-allestimenti.com\/wp-content\/uploads\/2023\/07\/saf-allestimenti-contract-arte-centro-spaziale-qatar-06-1.jpg 537w, https:\/\/www.saf-allestimenti.com\/wp-content\/uploads\/2023\/07\/saf-allestimenti-contract-arte-centro-spaziale-qatar-06-1-225x300.jpg 225w\" sizes=\"auto, (max-width: 537px) 100vw, 537px\" \/><\/div><div class=\"w-vwrapper usg_vwrapper_1 align_none valign_top\"><h2 class=\"w-post-elm post_title usg_post_title_1 has_text_color entry-title color_link_inherit\">CENTRO SPAZIALE &#8211; QATAR<\/h2><div class=\"w-post-elm post_taxonomy usg_post_taxonomy_1 has_text_color style_simple color_link_inherit\"><span class=\"term-67 term-art\">ART<\/span><\/div><\/div>\t\t<\/div>\r\n\t\t\t<\/article>\r\n\t<article class=\"w-grid-item us_animate_afb size_1x1 post-15152 us_portfolio type-us_portfolio status-publish has-post-thumbnail hentry us_portfolio_category-design-et-architecture\" data-id=\"15152\" style=\"animation-delay:0.3s\">\r\n\t\t<div class=\"w-grid-item-h\">\r\n\t\t\t\t\t\t\t<a href=\"https:\/\/www.saf-allestimenti.com\/fr\/projets\/medical-center-lanciano\/\" class=\"w-grid-item-anchor\" aria-label=\"MEDICAL CENTER &#8211; LANCIANO\"><\/a>\r\n\t\t\t\t\t\t<div class=\"w-post-elm post_image usg_post_image_1 stretched\"><img loading=\"lazy\" decoding=\"async\" width=\"1024\" height=\"768\" src=\"https:\/\/www.saf-allestimenti.com\/wp-content\/uploads\/2024\/08\/saf-allestimenti-contract-design-e-architettura-medical-center-lanciano-01-1024x768.jpg\" class=\"attachment-large size-large wp-post-image\" alt=\"\" srcset=\"https:\/\/www.saf-allestimenti.com\/wp-content\/uploads\/2024\/08\/saf-allestimenti-contract-design-e-architettura-medical-center-lanciano-01-1024x768.jpg 1024w, https:\/\/www.saf-allestimenti.com\/wp-content\/uploads\/2024\/08\/saf-allestimenti-contract-design-e-architettura-medical-center-lanciano-01-300x225.jpg 300w, https:\/\/www.saf-allestimenti.com\/wp-content\/uploads\/2024\/08\/saf-allestimenti-contract-design-e-architettura-medical-center-lanciano-01-1536x1152.jpg 1536w, https:\/\/www.saf-allestimenti.com\/wp-content\/uploads\/2024\/08\/saf-allestimenti-contract-design-e-architettura-medical-center-lanciano-01.jpg 1600w\" sizes=\"auto, (max-width: 1024px) 100vw, 1024px\" \/><\/div><div class=\"w-vwrapper usg_vwrapper_1 align_none valign_top\"><h2 class=\"w-post-elm post_title usg_post_title_1 has_text_color entry-title color_link_inherit\">MEDICAL CENTER &#8211; LANCIANO<\/h2><div class=\"w-post-elm post_taxonomy usg_post_taxonomy_1 has_text_color style_simple color_link_inherit\"><span class=\"term-68 term-design-et-architecture\">DESIGN ET ARCHITECTURE<\/span><\/div><\/div>\t\t<\/div>\r\n\t\t\t<\/article>\r\n\t<article class=\"w-grid-item us_animate_afb size_1x1 post-15158 us_portfolio type-us_portfolio status-publish has-post-thumbnail hentry us_portfolio_category-design-et-architecture\" data-id=\"15158\" style=\"animation-delay:0.4s\">\r\n\t\t<div class=\"w-grid-item-h\">\r\n\t\t\t\t\t\t\t<a href=\"https:\/\/www.saf-allestimenti.com\/fr\/projets\/globus-center-baku-azerbaigian\/\" class=\"w-grid-item-anchor\" aria-label=\"GLOBUS CENTER &#8211; BAKU AZERBAIGIAN\"><\/a>\r\n\t\t\t\t\t\t<div class=\"w-post-elm post_image usg_post_image_1 stretched\"><img loading=\"lazy\" decoding=\"async\" width=\"1024\" height=\"768\" src=\"https:\/\/www.saf-allestimenti.com\/wp-content\/uploads\/2024\/08\/saf-allestimenti-contract-design-e-architettura-globus-center-baku-azerbaigian-01-1024x768.jpg\" class=\"attachment-large size-large wp-post-image\" alt=\"\" srcset=\"https:\/\/www.saf-allestimenti.com\/wp-content\/uploads\/2024\/08\/saf-allestimenti-contract-design-e-architettura-globus-center-baku-azerbaigian-01-1024x768.jpg 1024w, https:\/\/www.saf-allestimenti.com\/wp-content\/uploads\/2024\/08\/saf-allestimenti-contract-design-e-architettura-globus-center-baku-azerbaigian-01-300x225.jpg 300w, https:\/\/www.saf-allestimenti.com\/wp-content\/uploads\/2024\/08\/saf-allestimenti-contract-design-e-architettura-globus-center-baku-azerbaigian-01-1536x1152.jpg 1536w, https:\/\/www.saf-allestimenti.com\/wp-content\/uploads\/2024\/08\/saf-allestimenti-contract-design-e-architettura-globus-center-baku-azerbaigian-01.jpg 1600w\" sizes=\"auto, (max-width: 1024px) 100vw, 1024px\" \/><\/div><div class=\"w-vwrapper usg_vwrapper_1 align_none valign_top\"><h2 class=\"w-post-elm post_title usg_post_title_1 has_text_color entry-title color_link_inherit\">GLOBUS CENTER &#8211; BAKU AZERBAIGIAN<\/h2><div class=\"w-post-elm post_taxonomy usg_post_taxonomy_1 has_text_color style_simple color_link_inherit\"><span class=\"term-68 term-design-et-architecture\">DESIGN ET ARCHITECTURE<\/span><\/div><\/div>\t\t<\/div>\r\n\t\t\t<\/article>\r\n\t<article class=\"w-grid-item us_animate_afb size_1x1 post-15170 us_portfolio type-us_portfolio status-publish has-post-thumbnail hentry us_portfolio_category-design-et-architecture\" data-id=\"15170\" style=\"animation-delay:0.5s\">\r\n\t\t<div class=\"w-grid-item-h\">\r\n\t\t\t\t\t\t\t<a href=\"https:\/\/www.saf-allestimenti.com\/fr\/projets\/complesso-residenziale-lanciano\/\" class=\"w-grid-item-anchor\" aria-label=\"COMPLESSO RESIDENZIALE &#8211; LANCIANO\"><\/a>\r\n\t\t\t\t\t\t<div class=\"w-post-elm post_image usg_post_image_1 stretched\"><img loading=\"lazy\" decoding=\"async\" width=\"1024\" height=\"768\" src=\"https:\/\/www.saf-allestimenti.com\/wp-content\/uploads\/2024\/08\/saf-allestimenti-contract-design-e-architettura-complesso-residenziale-lanciano-02-1024x768.jpg\" class=\"attachment-large size-large wp-post-image\" alt=\"\" srcset=\"https:\/\/www.saf-allestimenti.com\/wp-content\/uploads\/2024\/08\/saf-allestimenti-contract-design-e-architettura-complesso-residenziale-lanciano-02-1024x768.jpg 1024w, https:\/\/www.saf-allestimenti.com\/wp-content\/uploads\/2024\/08\/saf-allestimenti-contract-design-e-architettura-complesso-residenziale-lanciano-02-300x225.jpg 300w, https:\/\/www.saf-allestimenti.com\/wp-content\/uploads\/2024\/08\/saf-allestimenti-contract-design-e-architettura-complesso-residenziale-lanciano-02-1536x1152.jpg 1536w, https:\/\/www.saf-allestimenti.com\/wp-content\/uploads\/2024\/08\/saf-allestimenti-contract-design-e-architettura-complesso-residenziale-lanciano-02.jpg 1600w\" sizes=\"auto, (max-width: 1024px) 100vw, 1024px\" \/><\/div><div class=\"w-vwrapper usg_vwrapper_1 align_none valign_top\"><h2 class=\"w-post-elm post_title usg_post_title_1 has_text_color entry-title color_link_inherit\">COMPLESSO RESIDENZIALE &#8211; LANCIANO<\/h2><div class=\"w-post-elm post_taxonomy usg_post_taxonomy_1 has_text_color style_simple color_link_inherit\"><span class=\"term-68 term-design-et-architecture\">DESIGN ET ARCHITECTURE<\/span><\/div><\/div>\t\t<\/div>\r\n\t\t\t<\/article>\r\n\t<article class=\"w-grid-item us_animate_afb size_1x1 post-15177 us_portfolio type-us_portfolio status-publish has-post-thumbnail hentry us_portfolio_category-design-et-architecture\" data-id=\"15177\" style=\"animation-delay:0.6s\">\r\n\t\t<div class=\"w-grid-item-h\">\r\n\t\t\t\t\t\t\t<a href=\"https:\/\/www.saf-allestimenti.com\/fr\/projets\/the-dream-baku-azerbaigian\/\" class=\"w-grid-item-anchor\" aria-label=\"THE DREAM &#8211; BAKU AZERBAIGIAN\"><\/a>\r\n\t\t\t\t\t\t<div class=\"w-post-elm post_image usg_post_image_1 stretched\"><img loading=\"lazy\" decoding=\"async\" width=\"1024\" height=\"658\" src=\"https:\/\/www.saf-allestimenti.com\/wp-content\/uploads\/2023\/07\/saf-allestimenti-contract-design-e-architettura-privato-baku-azerbaigian-01-1024x658.jpg\" class=\"attachment-large size-large wp-post-image\" alt=\"\" srcset=\"https:\/\/www.saf-allestimenti.com\/wp-content\/uploads\/2023\/07\/saf-allestimenti-contract-design-e-architettura-privato-baku-azerbaigian-01-1024x658.jpg 1024w, https:\/\/www.saf-allestimenti.com\/wp-content\/uploads\/2023\/07\/saf-allestimenti-contract-design-e-architettura-privato-baku-azerbaigian-01-300x193.jpg 300w, https:\/\/www.saf-allestimenti.com\/wp-content\/uploads\/2023\/07\/saf-allestimenti-contract-design-e-architettura-privato-baku-azerbaigian-01-1536x988.jpg 1536w, https:\/\/www.saf-allestimenti.com\/wp-content\/uploads\/2023\/07\/saf-allestimenti-contract-design-e-architettura-privato-baku-azerbaigian-01.jpg 2000w\" sizes=\"auto, (max-width: 1024px) 100vw, 1024px\" \/><\/div><div class=\"w-vwrapper usg_vwrapper_1 align_none valign_top\"><h2 class=\"w-post-elm post_title usg_post_title_1 has_text_color entry-title color_link_inherit\">THE DREAM &#8211; BAKU AZERBAIGIAN<\/h2><div class=\"w-post-elm post_taxonomy usg_post_taxonomy_1 has_text_color style_simple color_link_inherit\"><span class=\"term-68 term-design-et-architecture\">DESIGN ET ARCHITECTURE<\/span><\/div><\/div>\t\t<\/div>\r\n\t\t\t<\/article>\r\n\t<article class=\"w-grid-item us_animate_afb size_1x1 post-15194 us_portfolio type-us_portfolio status-publish has-post-thumbnail hentry us_portfolio_category-art\" data-id=\"15194\" style=\"animation-delay:0.7s\">\r\n\t\t<div class=\"w-grid-item-h\">\r\n\t\t\t\t\t\t\t<a href=\"https:\/\/www.saf-allestimenti.com\/fr\/projets\/museo-del-mare-pescara\/\" class=\"w-grid-item-anchor\" aria-label=\"MUSEO DEL MARE &#8211; PESCARA\"><\/a>\r\n\t\t\t\t\t\t<div class=\"w-post-elm post_image usg_post_image_1 stretched\"><img loading=\"lazy\" decoding=\"async\" width=\"1024\" height=\"681\" src=\"https:\/\/www.saf-allestimenti.com\/wp-content\/uploads\/2023\/07\/saf-allestimenti-contract-arte-museo-del-mare-pescara-01-1024x681.jpg\" class=\"attachment-large size-large wp-post-image\" alt=\"\" srcset=\"https:\/\/www.saf-allestimenti.com\/wp-content\/uploads\/2023\/07\/saf-allestimenti-contract-arte-museo-del-mare-pescara-01-1024x681.jpg 1024w, https:\/\/www.saf-allestimenti.com\/wp-content\/uploads\/2023\/07\/saf-allestimenti-contract-arte-museo-del-mare-pescara-01-300x200.jpg 300w, https:\/\/www.saf-allestimenti.com\/wp-content\/uploads\/2023\/07\/saf-allestimenti-contract-arte-museo-del-mare-pescara-01-1536x1021.jpg 1536w, https:\/\/www.saf-allestimenti.com\/wp-content\/uploads\/2023\/07\/saf-allestimenti-contract-arte-museo-del-mare-pescara-01.jpg 2000w\" sizes=\"auto, (max-width: 1024px) 100vw, 1024px\" \/><\/div><div class=\"w-vwrapper usg_vwrapper_1 align_none valign_top\"><h2 class=\"w-post-elm post_title usg_post_title_1 has_text_color entry-title color_link_inherit\">MUSEO DEL MARE &#8211; PESCARA<\/h2><div class=\"w-post-elm post_taxonomy usg_post_taxonomy_1 has_text_color style_simple color_link_inherit\"><span class=\"term-67 term-art\">ART<\/span><\/div><\/div>\t\t<\/div>\r\n\t\t\t<\/article>\r\n\t<article class=\"w-grid-item us_animate_afb size_1x1 post-15212 us_portfolio type-us_portfolio status-publish has-post-thumbnail hentry us_portfolio_category-design-et-architecture\" data-id=\"15212\" style=\"animation-delay:0s\">\r\n\t\t<div class=\"w-grid-item-h\">\r\n\t\t\t\t\t\t\t<a href=\"https:\/\/www.saf-allestimenti.com\/fr\/projets\/skat-restaurant-baku-azerbaigian\/\" class=\"w-grid-item-anchor\" aria-label=\"SKAT RESTAURANT &#8211; BAKU AZERBAIGIAN\"><\/a>\r\n\t\t\t\t\t\t<div class=\"w-post-elm post_image usg_post_image_1 stretched\"><img loading=\"lazy\" decoding=\"async\" width=\"1024\" height=\"724\" src=\"https:\/\/www.saf-allestimenti.com\/wp-content\/uploads\/2023\/07\/saf-allestimenti-contract-design-e-architettura-sala-sul-mare-baku-azerbaigian-01-1024x724.jpg\" class=\"attachment-large size-large wp-post-image\" alt=\"\" srcset=\"https:\/\/www.saf-allestimenti.com\/wp-content\/uploads\/2023\/07\/saf-allestimenti-contract-design-e-architettura-sala-sul-mare-baku-azerbaigian-01-1024x724.jpg 1024w, https:\/\/www.saf-allestimenti.com\/wp-content\/uploads\/2023\/07\/saf-allestimenti-contract-design-e-architettura-sala-sul-mare-baku-azerbaigian-01-300x212.jpg 300w, https:\/\/www.saf-allestimenti.com\/wp-content\/uploads\/2023\/07\/saf-allestimenti-contract-design-e-architettura-sala-sul-mare-baku-azerbaigian-01-1536x1086.jpg 1536w, https:\/\/www.saf-allestimenti.com\/wp-content\/uploads\/2023\/07\/saf-allestimenti-contract-design-e-architettura-sala-sul-mare-baku-azerbaigian-01.jpg 2000w\" sizes=\"auto, (max-width: 1024px) 100vw, 1024px\" \/><\/div><div class=\"w-vwrapper usg_vwrapper_1 align_none valign_top\"><h2 class=\"w-post-elm post_title usg_post_title_1 has_text_color entry-title color_link_inherit\">SKAT RESTAURANT &#8211; BAKU AZERBAIGIAN<\/h2><div class=\"w-post-elm post_taxonomy usg_post_taxonomy_1 has_text_color style_simple color_link_inherit\"><span class=\"term-68 term-design-et-architecture\">DESIGN ET ARCHITECTURE<\/span><\/div><\/div>\t\t<\/div>\r\n\t\t\t<\/article>\r\n\t<article class=\"w-grid-item us_animate_afb size_1x1 post-15234 us_portfolio type-us_portfolio status-publish has-post-thumbnail hentry us_portfolio_category-design-et-architecture\" data-id=\"15234\" style=\"animation-delay:0.1s\">\r\n\t\t<div class=\"w-grid-item-h\">\r\n\t\t\t\t\t\t\t<a href=\"https:\/\/www.saf-allestimenti.com\/fr\/projets\/pg-roma\/\" class=\"w-grid-item-anchor\" aria-label=\"P&#038;G &#8211; ROMA\"><\/a>\r\n\t\t\t\t\t\t<div class=\"w-post-elm post_image usg_post_image_1 stretched\"><img loading=\"lazy\" decoding=\"async\" width=\"1024\" height=\"576\" src=\"https:\/\/www.saf-allestimenti.com\/wp-content\/uploads\/2023\/07\/saf-allestimenti-contract-design-e-architettura-pg-roma-06-1024x576.jpg\" class=\"attachment-large size-large wp-post-image\" alt=\"\" srcset=\"https:\/\/www.saf-allestimenti.com\/wp-content\/uploads\/2023\/07\/saf-allestimenti-contract-design-e-architettura-pg-roma-06-1024x576.jpg 1024w, https:\/\/www.saf-allestimenti.com\/wp-content\/uploads\/2023\/07\/saf-allestimenti-contract-design-e-architettura-pg-roma-06-300x169.jpg 300w, https:\/\/www.saf-allestimenti.com\/wp-content\/uploads\/2023\/07\/saf-allestimenti-contract-design-e-architettura-pg-roma-06-1536x864.jpg 1536w, https:\/\/www.saf-allestimenti.com\/wp-content\/uploads\/2023\/07\/saf-allestimenti-contract-design-e-architettura-pg-roma-06.jpg 1600w\" sizes=\"auto, (max-width: 1024px) 100vw, 1024px\" \/><\/div><div class=\"w-vwrapper usg_vwrapper_1 align_none valign_top\"><h2 class=\"w-post-elm post_title usg_post_title_1 has_text_color entry-title color_link_inherit\">P&#038;G &#8211; ROMA<\/h2><div class=\"w-post-elm post_taxonomy usg_post_taxonomy_1 has_text_color style_simple color_link_inherit\"><span class=\"term-68 term-design-et-architecture\">DESIGN ET ARCHITECTURE<\/span><\/div><\/div>\t\t<\/div>\r\n\t\t\t<\/article>\r\n\t<article class=\"w-grid-item us_animate_afb size_1x1 post-15243 us_portfolio type-us_portfolio status-publish has-post-thumbnail hentry us_portfolio_category-design-et-architecture\" data-id=\"15243\" style=\"animation-delay:0.2s\">\r\n\t\t<div class=\"w-grid-item-h\">\r\n\t\t\t\t\t\t\t<a href=\"https:\/\/www.saf-allestimenti.com\/fr\/projets\/al-kharj-compound-riyad\/\" class=\"w-grid-item-anchor\" aria-label=\"AL-KHARJ COMPOUND &#8211; RIYAD\"><\/a>\r\n\t\t\t\t\t\t<div class=\"w-post-elm post_image usg_post_image_1 stretched\"><img loading=\"lazy\" decoding=\"async\" width=\"1024\" height=\"768\" src=\"https:\/\/www.saf-allestimenti.com\/wp-content\/uploads\/2024\/08\/saf-allestimenti-contract-design-e-architettura-al-kharj-compound-riyad-01-1024x768.jpg\" class=\"attachment-large size-large wp-post-image\" alt=\"\" srcset=\"https:\/\/www.saf-allestimenti.com\/wp-content\/uploads\/2024\/08\/saf-allestimenti-contract-design-e-architettura-al-kharj-compound-riyad-01-1024x768.jpg 1024w, https:\/\/www.saf-allestimenti.com\/wp-content\/uploads\/2024\/08\/saf-allestimenti-contract-design-e-architettura-al-kharj-compound-riyad-01-300x225.jpg 300w, https:\/\/www.saf-allestimenti.com\/wp-content\/uploads\/2024\/08\/saf-allestimenti-contract-design-e-architettura-al-kharj-compound-riyad-01-1536x1152.jpg 1536w, https:\/\/www.saf-allestimenti.com\/wp-content\/uploads\/2024\/08\/saf-allestimenti-contract-design-e-architettura-al-kharj-compound-riyad-01.jpg 1600w\" sizes=\"auto, (max-width: 1024px) 100vw, 1024px\" \/><\/div><div class=\"w-vwrapper usg_vwrapper_1 align_none valign_top\"><h2 class=\"w-post-elm post_title usg_post_title_1 has_text_color entry-title color_link_inherit\">AL-KHARJ COMPOUND &#8211; RIYAD<\/h2><div class=\"w-post-elm post_taxonomy usg_post_taxonomy_1 has_text_color style_simple color_link_inherit\"><span class=\"term-68 term-design-et-architecture\">DESIGN ET ARCHITECTURE<\/span><\/div><\/div>\t\t<\/div>\r\n\t\t\t<\/article>\r\n\t<article class=\"w-grid-item us_animate_afb size_1x1 post-15251 us_portfolio type-us_portfolio status-publish has-post-thumbnail hentry us_portfolio_category-design-et-architecture\" data-id=\"15251\" style=\"animation-delay:0.3s\">\r\n\t\t<div class=\"w-grid-item-h\">\r\n\t\t\t\t\t\t\t<a href=\"https:\/\/www.saf-allestimenti.com\/fr\/projets\/studio-privato-ortona\/\" class=\"w-grid-item-anchor\" aria-label=\"STUDIO PRIVATO &#8211; ORTONA\"><\/a>\r\n\t\t\t\t\t\t<div class=\"w-post-elm post_image usg_post_image_1 stretched\"><img loading=\"lazy\" decoding=\"async\" width=\"1024\" height=\"768\" src=\"https:\/\/www.saf-allestimenti.com\/wp-content\/uploads\/2024\/08\/saf-allestimenti-contract-design-e-architettura-studio-privato-ortona-01-1024x768.jpg\" class=\"attachment-large size-large wp-post-image\" alt=\"\" srcset=\"https:\/\/www.saf-allestimenti.com\/wp-content\/uploads\/2024\/08\/saf-allestimenti-contract-design-e-architettura-studio-privato-ortona-01-1024x768.jpg 1024w, https:\/\/www.saf-allestimenti.com\/wp-content\/uploads\/2024\/08\/saf-allestimenti-contract-design-e-architettura-studio-privato-ortona-01-300x225.jpg 300w, https:\/\/www.saf-allestimenti.com\/wp-content\/uploads\/2024\/08\/saf-allestimenti-contract-design-e-architettura-studio-privato-ortona-01-1536x1152.jpg 1536w, https:\/\/www.saf-allestimenti.com\/wp-content\/uploads\/2024\/08\/saf-allestimenti-contract-design-e-architettura-studio-privato-ortona-01.jpg 1600w\" sizes=\"auto, (max-width: 1024px) 100vw, 1024px\" \/><\/div><div class=\"w-vwrapper usg_vwrapper_1 align_none valign_top\"><h2 class=\"w-post-elm post_title usg_post_title_1 has_text_color entry-title color_link_inherit\">STUDIO PRIVATO &#8211; ORTONA<\/h2><div class=\"w-post-elm post_taxonomy usg_post_taxonomy_1 has_text_color style_simple color_link_inherit\"><span class=\"term-68 term-design-et-architecture\">DESIGN ET ARCHITECTURE<\/span><\/div><\/div>\t\t<\/div>\r\n\t\t\t<\/article>\r\n<\/div><div class=\"w-grid-preloader\">\t<div class=\"g-preloader type_1\">\r\n\t\t<div><\/div>\r\n\t<\/div>\r\n\t<\/div>\t\t\t<div class=\"g-loadmore \">\r\n\t\t\t\t<div class=\"g-preloader type_1\">\r\n\t\t\t\t\t<div><\/div>\r\n\t\t\t\t<\/div>\r\n\t\t\t\t<button class=\"w-btn us-btn-style_25\">\r\n\t\t\t\t\t<span class=\"w-btn-label\">Charger plus<\/span>\r\n\t\t\t\t<\/button>\r\n\t\t\t<\/div>\r\n\t\t\t\t<div class=\"w-grid-json hidden\" onclick='return {&quot;action&quot;:&quot;us_ajax_grid&quot;,&quot;infinite_scroll&quot;:0,&quot;max_num_pages&quot;:2,&quot;pagination&quot;:&quot;ajax&quot;,&quot;template_vars&quot;:{&quot;columns&quot;:&quot;4&quot;,&quot;exclude_items&quot;:&quot;none&quot;,&quot;img_size&quot;:&quot;default&quot;,&quot;ignore_items_size&quot;:0,&quot;items_layout&quot;:&quot;9288&quot;,&quot;items_offset&quot;:&quot;1&quot;,&quot;load_animation&quot;:&quot;afb&quot;,&quot;overriding_link&quot;:&quot;%7B%22type%22%3A%22post%22%7D&quot;,&quot;post_id&quot;:0,&quot;query_args&quot;:{&quot;post_type&quot;:[&quot;us_portfolio&quot;],&quot;tax_query&quot;:[{&quot;taxonomy&quot;:&quot;us_portfolio_category&quot;,&quot;field&quot;:&quot;slug&quot;,&quot;terms&quot;:[&quot;design-architettura&quot;,&quot;tecnologia&quot;,&quot;arte&quot;]}],&quot;post_status&quot;:[&quot;publish&quot;],&quot;posts_per_page&quot;:&quot;12&quot;},&quot;orderby_query_args&quot;:{&quot;orderby&quot;:{&quot;date&quot;:&quot;DESC&quot;}},&quot;type&quot;:&quot;grid&quot;,&quot;us_grid_post_type&quot;:&quot;us_portfolio&quot;,&quot;us_grid_ajax_index&quot;:1,&quot;us_grid_filter_query_string&quot;:null,&quot;us_grid_index&quot;:1,&quot;page_args&quot;:[],&quot;lang&quot;:&quot;fr&quot;}}'><\/div>\r\n\t<\/div><\/div><\/div><\/div><\/div><\/div><\/section>\n","protected":false},"excerpt":{"rendered":"Vous \u00eates dans: Contract \/ Design et Architecture STUDIO PRIVATO &#8211; ORTONA VOIR AUSSI ALITALIA &#8211; AEROPORTO INTERNAZIONALE LEONARDO DA VINCI &#8211; ROMATECHNOLOGIE BFH ART GALLERY &#8211; BAHRAINTECHNOLOGIE CENTRO SPAZIALE &#8211; QATARART MEDICAL CENTER &#8211; LANCIANODESIGN ET ARCHITECTURE GLOBUS CENTER &#8211; BAKU AZERBAIGIANDESIGN ET ARCHITECTURE COMPLESSO RESIDENZIALE &#8211; LANCIANODESIGN ET ARCHITECTURE THE DREAM &#8211; BAKU...","protected":false},"author":1,"featured_media":0,"parent":0,"menu_order":0,"comment_status":"closed","ping_status":"closed","template":"","meta":{"iawp_total_views":12,"footnotes":""},"class_list":["post-14690","page","type-page","status-publish","hentry"],"yoast_head":"<!-- This site is optimized with the Yoast SEO plugin v25.5 - https:\/\/yoast.com\/wordpress\/plugins\/seo\/ -->\n<title>SAF Allestimenti : Entrepreneur g\u00e9n\u00e9ral \u00e9co-compatible Made in Italy<\/title>\n<meta name=\"description\" content=\"SAF Allestimenti propose des solutions de design innovantes et \u00e9co-compatibles pour des projets priv\u00e9s, publics et commerciaux. Exp\u00e9rience et qualit\u00e9 Made in Italy\" \/>\n<meta name=\"robots\" content=\"index, follow, max-snippet:-1, max-image-preview:large, max-video-preview:-1\" \/>\n<link rel=\"canonical\" href=\"https:\/\/www.saf-allestimenti.com\/fr\/contrat\/\" \/>\n<meta property=\"og:locale\" content=\"fr_FR\" \/>\n<meta property=\"og:type\" content=\"article\" \/>\n<meta property=\"og:title\" content=\"SAF Allestimenti : Entrepreneur g\u00e9n\u00e9ral \u00e9co-compatible Made in Italy\" \/>\n<meta property=\"og:description\" content=\"SAF Allestimenti propose des solutions de design innovantes et \u00e9co-compatibles pour des projets priv\u00e9s, publics et commerciaux. Exp\u00e9rience et qualit\u00e9 Made in Italy\" \/>\n<meta property=\"og:url\" content=\"https:\/\/www.saf-allestimenti.com\/fr\/contrat\/\" \/>\n<meta property=\"og:site_name\" content=\"Saf Allestimenti\" \/>\n<meta property=\"article:modified_time\" content=\"2024-09-20T14:28:12+00:00\" \/>\n<meta name=\"twitter:card\" content=\"summary_large_image\" \/>\n<meta name=\"twitter:label1\" content=\"Dur\u00e9e de lecture estim\u00e9e\" \/>\n\t<meta name=\"twitter:data1\" content=\"1 minute\" \/>\n<script type=\"application\/ld+json\" class=\"yoast-schema-graph\">{\"@context\":\"https:\/\/schema.org\",\"@graph\":[{\"@type\":\"WebPage\",\"@id\":\"https:\/\/www.saf-allestimenti.com\/fr\/contrat\/\",\"url\":\"https:\/\/www.saf-allestimenti.com\/fr\/contrat\/\",\"name\":\"SAF Allestimenti : Entrepreneur g\u00e9n\u00e9ral \u00e9co-compatible Made in Italy\",\"isPartOf\":{\"@id\":\"https:\/\/www.saf-allestimenti.com\/fr\/#website\"},\"datePublished\":\"2023-06-26T09:46:31+00:00\",\"dateModified\":\"2024-09-20T14:28:12+00:00\",\"description\":\"SAF Allestimenti propose des solutions de design innovantes et \u00e9co-compatibles pour des projets priv\u00e9s, publics et commerciaux. Exp\u00e9rience et qualit\u00e9 Made in Italy\",\"breadcrumb\":{\"@id\":\"https:\/\/www.saf-allestimenti.com\/fr\/contrat\/#breadcrumb\"},\"inLanguage\":\"fr-FR\",\"potentialAction\":[{\"@type\":\"ReadAction\",\"target\":[\"https:\/\/www.saf-allestimenti.com\/fr\/contrat\/\"]}]},{\"@type\":\"BreadcrumbList\",\"@id\":\"https:\/\/www.saf-allestimenti.com\/fr\/contrat\/#breadcrumb\",\"itemListElement\":[{\"@type\":\"ListItem\",\"position\":1,\"name\":\"Home\",\"item\":\"https:\/\/www.saf-allestimenti.com\/fr\/\"},{\"@type\":\"ListItem\",\"position\":2,\"name\":\"Contrat\"}]},{\"@type\":\"WebSite\",\"@id\":\"https:\/\/www.saf-allestimenti.com\/fr\/#website\",\"url\":\"https:\/\/www.saf-allestimenti.com\/fr\/\",\"name\":\"Saf Allestimenti\",\"description\":\"\",\"publisher\":{\"@id\":\"https:\/\/www.saf-allestimenti.com\/fr\/#organization\"},\"potentialAction\":[{\"@type\":\"SearchAction\",\"target\":{\"@type\":\"EntryPoint\",\"urlTemplate\":\"https:\/\/www.saf-allestimenti.com\/fr\/?s={search_term_string}\"},\"query-input\":{\"@type\":\"PropertyValueSpecification\",\"valueRequired\":true,\"valueName\":\"search_term_string\"}}],\"inLanguage\":\"fr-FR\"},{\"@type\":\"Organization\",\"@id\":\"https:\/\/www.saf-allestimenti.com\/fr\/#organization\",\"name\":\"Saf Allestimenti\",\"url\":\"https:\/\/www.saf-allestimenti.com\/fr\/\",\"logo\":{\"@type\":\"ImageObject\",\"inLanguage\":\"fr-FR\",\"@id\":\"https:\/\/www.saf-allestimenti.com\/fr\/#\/schema\/logo\/image\/\",\"url\":\"https:\/\/www.saf-allestimenti.com\/wp-content\/uploads\/2024\/08\/saf-allestimenti-logo-bb.png\",\"contentUrl\":\"https:\/\/www.saf-allestimenti.com\/wp-content\/uploads\/2024\/08\/saf-allestimenti-logo-bb.png\",\"width\":2000,\"height\":1155,\"caption\":\"Saf Allestimenti\"},\"image\":{\"@id\":\"https:\/\/www.saf-allestimenti.com\/fr\/#\/schema\/logo\/image\/\"},\"sameAs\":[\"https:\/\/www.linkedin.com\/company\/saf-allestimenti\/\"]}]}<\/script>\n<!-- \/ Yoast SEO plugin. -->","yoast_head_json":{"title":"SAF Allestimenti : Entrepreneur g\u00e9n\u00e9ral \u00e9co-compatible Made in Italy","description":"SAF Allestimenti propose des solutions de design innovantes et \u00e9co-compatibles pour des projets priv\u00e9s, publics et commerciaux. Exp\u00e9rience et qualit\u00e9 Made in Italy","robots":{"index":"index","follow":"follow","max-snippet":"max-snippet:-1","max-image-preview":"max-image-preview:large","max-video-preview":"max-video-preview:-1"},"canonical":"https:\/\/www.saf-allestimenti.com\/fr\/contrat\/","og_locale":"fr_FR","og_type":"article","og_title":"SAF Allestimenti : Entrepreneur g\u00e9n\u00e9ral \u00e9co-compatible Made in Italy","og_description":"SAF Allestimenti propose des solutions de design innovantes et \u00e9co-compatibles pour des projets priv\u00e9s, publics et commerciaux. Exp\u00e9rience et qualit\u00e9 Made in Italy","og_url":"https:\/\/www.saf-allestimenti.com\/fr\/contrat\/","og_site_name":"Saf Allestimenti","article_modified_time":"2024-09-20T14:28:12+00:00","twitter_card":"summary_large_image","twitter_misc":{"Dur\u00e9e de lecture estim\u00e9e":"1 minute"},"schema":{"@context":"https:\/\/schema.org","@graph":[{"@type":"WebPage","@id":"https:\/\/www.saf-allestimenti.com\/fr\/contrat\/","url":"https:\/\/www.saf-allestimenti.com\/fr\/contrat\/","name":"SAF Allestimenti : Entrepreneur g\u00e9n\u00e9ral \u00e9co-compatible Made in Italy","isPartOf":{"@id":"https:\/\/www.saf-allestimenti.com\/fr\/#website"},"datePublished":"2023-06-26T09:46:31+00:00","dateModified":"2024-09-20T14:28:12+00:00","description":"SAF Allestimenti propose des solutions de design innovantes et \u00e9co-compatibles pour des projets priv\u00e9s, publics et commerciaux. Exp\u00e9rience et qualit\u00e9 Made in Italy","breadcrumb":{"@id":"https:\/\/www.saf-allestimenti.com\/fr\/contrat\/#breadcrumb"},"inLanguage":"fr-FR","potentialAction":[{"@type":"ReadAction","target":["https:\/\/www.saf-allestimenti.com\/fr\/contrat\/"]}]},{"@type":"BreadcrumbList","@id":"https:\/\/www.saf-allestimenti.com\/fr\/contrat\/#breadcrumb","itemListElement":[{"@type":"ListItem","position":1,"name":"Home","item":"https:\/\/www.saf-allestimenti.com\/fr\/"},{"@type":"ListItem","position":2,"name":"Contrat"}]},{"@type":"WebSite","@id":"https:\/\/www.saf-allestimenti.com\/fr\/#website","url":"https:\/\/www.saf-allestimenti.com\/fr\/","name":"Saf Allestimenti","description":"","publisher":{"@id":"https:\/\/www.saf-allestimenti.com\/fr\/#organization"},"potentialAction":[{"@type":"SearchAction","target":{"@type":"EntryPoint","urlTemplate":"https:\/\/www.saf-allestimenti.com\/fr\/?s={search_term_string}"},"query-input":{"@type":"PropertyValueSpecification","valueRequired":true,"valueName":"search_term_string"}}],"inLanguage":"fr-FR"},{"@type":"Organization","@id":"https:\/\/www.saf-allestimenti.com\/fr\/#organization","name":"Saf Allestimenti","url":"https:\/\/www.saf-allestimenti.com\/fr\/","logo":{"@type":"ImageObject","inLanguage":"fr-FR","@id":"https:\/\/www.saf-allestimenti.com\/fr\/#\/schema\/logo\/image\/","url":"https:\/\/www.saf-allestimenti.com\/wp-content\/uploads\/2024\/08\/saf-allestimenti-logo-bb.png","contentUrl":"https:\/\/www.saf-allestimenti.com\/wp-content\/uploads\/2024\/08\/saf-allestimenti-logo-bb.png","width":2000,"height":1155,"caption":"Saf Allestimenti"},"image":{"@id":"https:\/\/www.saf-allestimenti.com\/fr\/#\/schema\/logo\/image\/"},"sameAs":["https:\/\/www.linkedin.com\/company\/saf-allestimenti\/"]}]}},"_links":{"self":[{"href":"https:\/\/www.saf-allestimenti.com\/fr\/wp-json\/wp\/v2\/pages\/14690","targetHints":{"allow":["GET"]}}],"collection":[{"href":"https:\/\/www.saf-allestimenti.com\/fr\/wp-json\/wp\/v2\/pages"}],"about":[{"href":"https:\/\/www.saf-allestimenti.com\/fr\/wp-json\/wp\/v2\/types\/page"}],"author":[{"embeddable":true,"href":"https:\/\/www.saf-allestimenti.com\/fr\/wp-json\/wp\/v2\/users\/1"}],"replies":[{"embeddable":true,"href":"https:\/\/www.saf-allestimenti.com\/fr\/wp-json\/wp\/v2\/comments?post=14690"}],"version-history":[{"count":5,"href":"https:\/\/www.saf-allestimenti.com\/fr\/wp-json\/wp\/v2\/pages\/14690\/revisions"}],"predecessor-version":[{"id":14706,"href":"https:\/\/www.saf-allestimenti.com\/fr\/wp-json\/wp\/v2\/pages\/14690\/revisions\/14706"}],"wp:attachment":[{"href":"https:\/\/www.saf-allestimenti.com\/fr\/wp-json\/wp\/v2\/media?parent=14690"}],"curies":[{"name":"wp","href":"https:\/\/api.w.org\/{rel}","templated":true}]}}