{"id":14596,"date":"2023-05-24T09:36:28","date_gmt":"2023-05-24T07:36:28","guid":{"rendered":"https:\/\/www.saf-allestimenti.com\/azienda\/"},"modified":"2024-09-20T16:14:36","modified_gmt":"2024-09-20T14:14:36","slug":"lentreprise","status":"publish","type":"page","link":"https:\/\/www.saf-allestimenti.com\/fr\/lentreprise\/","title":{"rendered":"L&rsquo;entreprise"},"content":{"rendered":"<section class=\"l-section wpb_row height_medium\"><div class=\"l-section-overlay\" style=\"background:#000000\"><\/div><div class=\"l-section-h i-cf\"><div class=\"g-cols vc_row via_flex valign_top type_default stacking_default\"><div class=\"vc_col-sm-6 wpb_column vc_column_container\"><div class=\"vc_column-inner us_custom_14c3d9a0 us_animate_this\"><div class=\"wpb_wrapper\"><div class=\"w-separator us_custom_81a92080 size_small with_line width_default thick_1 style_solid color_text align_center\"><div class=\"w-separator-h\"><\/div><\/div><div class=\"w-separator size_custom\" style=\"height:10px\"><\/div><div class=\"w-hwrapper valign_baseline align_none\" style=\"--hwrapper-gap:1rem\"><div class=\"wpb_text_column us_custom_b034f25c has_text_color\"><div class=\"wpb_wrapper\"><p>30<\/p>\n<\/div><\/div><div class=\"wpb_text_column us_custom_506499c8 has_text_color\"><div class=\"wpb_wrapper\"><p>ans<\/p>\n<\/div><\/div><\/div><div class=\"w-separator size_custom\" style=\"height:25px\"><\/div><div class=\"w-hwrapper valign_baseline align_none\" style=\"--hwrapper-gap:1rem\"><div class=\"wpb_text_column us_custom_6cbace15 has_text_color\"><div class=\"wpb_wrapper\"><p>d&rsquo;expertise<\/p>\n<\/div><\/div><\/div><\/div><\/div><\/div><div class=\"vc_col-sm-6 wpb_column vc_column_container\"><div class=\"vc_column-inner us_custom_c265128b us_animate_this\"><div class=\"wpb_wrapper\"><div class=\"w-separator size_custom\" style=\"height:25px\"><\/div><div class=\"wpb_text_column us_custom_a5c88937\"><div class=\"wpb_wrapper\"><p>SAF ALLESTIMENTI a \u00e9t\u00e9 fond\u00e9e comme soci\u00e9t\u00e9 sp\u00e9cialis\u00e9e dans la personnalisation de fournitures. Dot\u00e9e de 3 unit\u00e9s de production en Italie s&rsquo;\u00e9tendant sur plus de 13 000 m\u00e8tres carr\u00e9s et des repr\u00e9sentations dans diff\u00e9rents pays du monde,, nous avons mis en place un solide r\u00e9seau de professionnels qualifi\u00e9s et d&rsquo;\u00e9quipements de pointe pour servir notre client\u00e8le mondiale.<\/p>\n<\/div><\/div><\/div><\/div><\/div><\/div><\/div><\/section><section class=\"l-section wpb_row height_medium\"><div class=\"l-section-overlay\" style=\"background:#000000\"><\/div><div class=\"l-section-h i-cf\"><div class=\"g-cols vc_row via_flex valign_top type_default stacking_default\"><div class=\"vc_col-sm-12 wpb_column vc_column_container\"><div class=\"vc_column-inner us_custom_14c3d9a0 us_animate_this\"><div class=\"wpb_wrapper\"><div class=\"w-image align_center\"><div class=\"w-image-h\"><img decoding=\"async\" width=\"4000\" height=\"1136\" src=\"https:\/\/www.saf-allestimenti.com\/wp-content\/uploads\/2024\/09\/saf-allestimenti-timeline5.png\" class=\"attachment-full size-full\" alt=\"\" loading=\"lazy\" srcset=\"https:\/\/www.saf-allestimenti.com\/wp-content\/uploads\/2024\/09\/saf-allestimenti-timeline5.png 4000w, https:\/\/www.saf-allestimenti.com\/wp-content\/uploads\/2024\/09\/saf-allestimenti-timeline5-300x85.png 300w, https:\/\/www.saf-allestimenti.com\/wp-content\/uploads\/2024\/09\/saf-allestimenti-timeline5-1024x291.png 1024w, https:\/\/www.saf-allestimenti.com\/wp-content\/uploads\/2024\/09\/saf-allestimenti-timeline5-1536x436.png 1536w\" sizes=\"auto, (max-width: 4000px) 100vw, 4000px\" \/><\/div><\/div><\/div><\/div><\/div><\/div><\/div><\/section><section class=\"l-section wpb_row us_custom_60e9caca us_animate_this height_auto color_footer-top\"><div class=\"l-section-overlay\" style=\"background:#000000\"><\/div><div class=\"l-section-h i-cf\"><div class=\"g-cols vc_row via_flex valign_top type_default stacking_default\"><div class=\"vc_col-sm-12 wpb_column vc_column_container\"><div class=\"vc_column-inner\"><div class=\"wpb_wrapper\"><div class=\"w-separator us_custom_b1cb5efb has_text_color size_small has_font_size\"><\/div><div class=\"w-grid type_carousel layout_12477 items_3\" id=\"us_grid_1\" style=\"--items:3;--gap:0.8rem;\"><style>.layout_12477 .w-grid-item-h{}.layout_12477 .usg_post_image_1{border-radius:10px!important}.layout_12477 .usg_vwrapper_1{padding:0.5rem 1rem 1rem 1rem!important}.layout_12477 .usg_post_title_1{font-size:1rem!important;line-height:1.6!important;margin-bottom:0!important}.layout_12477 .usg_post_custom_field_1{font-size:1rem!important;line-height:1.6!important;margin-bottom:0!important}<\/style><div class=\"w-grid-list owl-carousel valign_stretch dotstyle_circle navstyle_circle navpos_outside owl-responsive-2000 with_dots with_arrows\" style=\"--transition-duration:350ms;--arrows-size:1.5rem;\">\t<article class=\"w-grid-item post-14541 us_testimonial type-us_testimonial status-publish has-post-thumbnail hentry us_testimonial_category-rappresentanze-fr\" data-id=\"14541\">\r\n\t\t<div class=\"w-grid-item-h\">\r\n\t\t\t\t\t\t<div class=\"w-post-elm post_image usg_post_image_1 stretched\"><a ref=\"magnificPopup\" href=\"https:\/\/www.saf-allestimenti.com\/wp-content\/uploads\/2024\/08\/Incontro-con-il-Principe-della-Casa-Reale-Bahrain.jpg\" aria-label=\"R\u00e9union avec le Prince de la Maison Royale, Bahre\u00efn\"><img loading=\"lazy\" decoding=\"async\" width=\"2000\" height=\"1333\" src=\"https:\/\/www.saf-allestimenti.com\/wp-content\/uploads\/2024\/08\/Incontro-con-il-Principe-della-Casa-Reale-Bahrain.jpg\" class=\"attachment-full size-full wp-post-image\" alt=\"\" srcset=\"https:\/\/www.saf-allestimenti.com\/wp-content\/uploads\/2024\/08\/Incontro-con-il-Principe-della-Casa-Reale-Bahrain.jpg 2000w, https:\/\/www.saf-allestimenti.com\/wp-content\/uploads\/2024\/08\/Incontro-con-il-Principe-della-Casa-Reale-Bahrain-300x200.jpg 300w, https:\/\/www.saf-allestimenti.com\/wp-content\/uploads\/2024\/08\/Incontro-con-il-Principe-della-Casa-Reale-Bahrain-1024x682.jpg 1024w, https:\/\/www.saf-allestimenti.com\/wp-content\/uploads\/2024\/08\/Incontro-con-il-Principe-della-Casa-Reale-Bahrain-1536x1024.jpg 1536w\" sizes=\"auto, (max-width: 2000px) 100vw, 2000px\" \/><\/a><\/div><div class=\"w-vwrapper usg_vwrapper_1 align_center valign_top\"><div class=\"w-post-elm post_title usg_post_title_1 hide_if_not_first entry-title color_link_inherit\">R\u00e9union avec le Prince de la Maison Royale, Bahre\u00efn<\/div><\/div>\t\t<\/div>\r\n\t\t\t<\/article>\r\n\t<article class=\"w-grid-item post-14543 us_testimonial type-us_testimonial status-publish has-post-thumbnail hentry us_testimonial_category-rappresentanze-fr\" data-id=\"14543\">\r\n\t\t<div class=\"w-grid-item-h\">\r\n\t\t\t\t\t\t<div class=\"w-post-elm post_image usg_post_image_1 stretched\"><a ref=\"magnificPopup\" href=\"https:\/\/www.saf-allestimenti.com\/wp-content\/uploads\/2024\/08\/Firma-Protocollo-di-intesa-Regione-Abruzzo.jpg\" aria-label=\"Signature d&rsquo;un protocole d&rsquo;accord avec la r\u00e9gion des Abruzzes\"><img loading=\"lazy\" decoding=\"async\" width=\"2000\" height=\"1333\" src=\"https:\/\/www.saf-allestimenti.com\/wp-content\/uploads\/2024\/08\/Firma-Protocollo-di-intesa-Regione-Abruzzo.jpg\" class=\"attachment-full size-full wp-post-image\" alt=\"\" srcset=\"https:\/\/www.saf-allestimenti.com\/wp-content\/uploads\/2024\/08\/Firma-Protocollo-di-intesa-Regione-Abruzzo.jpg 2000w, https:\/\/www.saf-allestimenti.com\/wp-content\/uploads\/2024\/08\/Firma-Protocollo-di-intesa-Regione-Abruzzo-300x200.jpg 300w, https:\/\/www.saf-allestimenti.com\/wp-content\/uploads\/2024\/08\/Firma-Protocollo-di-intesa-Regione-Abruzzo-1024x682.jpg 1024w, https:\/\/www.saf-allestimenti.com\/wp-content\/uploads\/2024\/08\/Firma-Protocollo-di-intesa-Regione-Abruzzo-1536x1024.jpg 1536w\" sizes=\"auto, (max-width: 2000px) 100vw, 2000px\" \/><\/a><\/div><div class=\"w-vwrapper usg_vwrapper_1 align_center valign_top\"><div class=\"w-post-elm post_title usg_post_title_1 hide_if_not_first entry-title color_link_inherit\">Signature d&rsquo;un protocole d&rsquo;accord avec la r\u00e9gion des Abruzzes<\/div><\/div>\t\t<\/div>\r\n\t\t\t<\/article>\r\n\t<article class=\"w-grid-item post-14545 us_testimonial type-us_testimonial status-publish has-post-thumbnail hentry us_testimonial_category-rappresentanze-fr\" data-id=\"14545\">\r\n\t\t<div class=\"w-grid-item-h\">\r\n\t\t\t\t\t\t<div class=\"w-post-elm post_image usg_post_image_1 stretched\"><a ref=\"magnificPopup\" href=\"https:\/\/www.saf-allestimenti.com\/wp-content\/uploads\/2024\/08\/Firma-Contratto-OCCAR.jpg\" aria-label=\"Signature du contrat OCCAR\"><img loading=\"lazy\" decoding=\"async\" width=\"2000\" height=\"1333\" src=\"https:\/\/www.saf-allestimenti.com\/wp-content\/uploads\/2024\/08\/Firma-Contratto-OCCAR.jpg\" class=\"attachment-full size-full wp-post-image\" alt=\"\" srcset=\"https:\/\/www.saf-allestimenti.com\/wp-content\/uploads\/2024\/08\/Firma-Contratto-OCCAR.jpg 2000w, https:\/\/www.saf-allestimenti.com\/wp-content\/uploads\/2024\/08\/Firma-Contratto-OCCAR-300x200.jpg 300w, https:\/\/www.saf-allestimenti.com\/wp-content\/uploads\/2024\/08\/Firma-Contratto-OCCAR-1024x682.jpg 1024w, https:\/\/www.saf-allestimenti.com\/wp-content\/uploads\/2024\/08\/Firma-Contratto-OCCAR-1536x1024.jpg 1536w\" sizes=\"auto, (max-width: 2000px) 100vw, 2000px\" \/><\/a><\/div><div class=\"w-vwrapper usg_vwrapper_1 align_center valign_top\"><div class=\"w-post-elm post_title usg_post_title_1 hide_if_not_first entry-title color_link_inherit\">Signature du contrat OCCAR<\/div><\/div>\t\t<\/div>\r\n\t\t\t<\/article>\r\n\t<article class=\"w-grid-item post-14547 us_testimonial type-us_testimonial status-publish has-post-thumbnail hentry us_testimonial_category-rappresentanze-fr\" data-id=\"14547\">\r\n\t\t<div class=\"w-grid-item-h\">\r\n\t\t\t\t\t\t<div class=\"w-post-elm post_image usg_post_image_1 stretched\"><a ref=\"magnificPopup\" href=\"https:\/\/www.saf-allestimenti.com\/wp-content\/uploads\/2024\/08\/Meeting-in-Arabia-Saudita-Riyad.jpg\" aria-label=\"R\u00e9union en Arabie Saoudite, Riyad\"><img loading=\"lazy\" decoding=\"async\" width=\"2000\" height=\"1333\" src=\"https:\/\/www.saf-allestimenti.com\/wp-content\/uploads\/2024\/08\/Meeting-in-Arabia-Saudita-Riyad.jpg\" class=\"attachment-full size-full wp-post-image\" alt=\"\" srcset=\"https:\/\/www.saf-allestimenti.com\/wp-content\/uploads\/2024\/08\/Meeting-in-Arabia-Saudita-Riyad.jpg 2000w, https:\/\/www.saf-allestimenti.com\/wp-content\/uploads\/2024\/08\/Meeting-in-Arabia-Saudita-Riyad-300x200.jpg 300w, https:\/\/www.saf-allestimenti.com\/wp-content\/uploads\/2024\/08\/Meeting-in-Arabia-Saudita-Riyad-1024x682.jpg 1024w, https:\/\/www.saf-allestimenti.com\/wp-content\/uploads\/2024\/08\/Meeting-in-Arabia-Saudita-Riyad-1536x1024.jpg 1536w\" sizes=\"auto, (max-width: 2000px) 100vw, 2000px\" \/><\/a><\/div><div class=\"w-vwrapper usg_vwrapper_1 align_center valign_top\"><div class=\"w-post-elm post_title usg_post_title_1 hide_if_not_first entry-title color_link_inherit\">R\u00e9union en Arabie Saoudite, Riyad<\/div><\/div>\t\t<\/div>\r\n\t\t\t<\/article>\r\n\t<article class=\"w-grid-item post-14549 us_testimonial type-us_testimonial status-publish has-post-thumbnail hentry us_testimonial_category-rappresentanze-fr\" data-id=\"14549\">\r\n\t\t<div class=\"w-grid-item-h\">\r\n\t\t\t\t\t\t<div class=\"w-post-elm post_image usg_post_image_1 stretched\"><a ref=\"magnificPopup\" href=\"https:\/\/www.saf-allestimenti.com\/wp-content\/uploads\/2024\/08\/Rappresentanza-SAF-Allestimenti-al-Polo-di-Mantenimento-Pesante-Nord-Piacenza.jpg\" aria-label=\"Repr\u00e9sentation de Saf Allestiment au P\u00f4le de Maintenance Lourde Nord, Piacenza\"><img loading=\"lazy\" decoding=\"async\" width=\"2000\" height=\"1333\" src=\"https:\/\/www.saf-allestimenti.com\/wp-content\/uploads\/2024\/08\/Rappresentanza-SAF-Allestimenti-al-Polo-di-Mantenimento-Pesante-Nord-Piacenza.jpg\" class=\"attachment-full size-full wp-post-image\" alt=\"\" srcset=\"https:\/\/www.saf-allestimenti.com\/wp-content\/uploads\/2024\/08\/Rappresentanza-SAF-Allestimenti-al-Polo-di-Mantenimento-Pesante-Nord-Piacenza.jpg 2000w, https:\/\/www.saf-allestimenti.com\/wp-content\/uploads\/2024\/08\/Rappresentanza-SAF-Allestimenti-al-Polo-di-Mantenimento-Pesante-Nord-Piacenza-300x200.jpg 300w, https:\/\/www.saf-allestimenti.com\/wp-content\/uploads\/2024\/08\/Rappresentanza-SAF-Allestimenti-al-Polo-di-Mantenimento-Pesante-Nord-Piacenza-1024x682.jpg 1024w, https:\/\/www.saf-allestimenti.com\/wp-content\/uploads\/2024\/08\/Rappresentanza-SAF-Allestimenti-al-Polo-di-Mantenimento-Pesante-Nord-Piacenza-1536x1024.jpg 1536w\" sizes=\"auto, (max-width: 2000px) 100vw, 2000px\" \/><\/a><\/div><div class=\"w-vwrapper usg_vwrapper_1 align_center valign_top\"><div class=\"w-post-elm post_title usg_post_title_1 hide_if_not_first entry-title color_link_inherit\">Repr\u00e9sentation de Saf Allestiment au P\u00f4le de Maintenance Lourde Nord, Piacenza<\/div><\/div>\t\t<\/div>\r\n\t\t\t<\/article>\r\n\t<article class=\"w-grid-item post-14551 us_testimonial type-us_testimonial status-publish has-post-thumbnail hentry us_testimonial_category-rappresentanze-fr\" data-id=\"14551\">\r\n\t\t<div class=\"w-grid-item-h\">\r\n\t\t\t\t\t\t<div class=\"w-post-elm post_image usg_post_image_1 stretched\"><a ref=\"magnificPopup\" href=\"https:\/\/www.saf-allestimenti.com\/wp-content\/uploads\/2024\/08\/Visita-delegati-ministeriali-dellRDC.jpg\" aria-label=\"Visite des d\u00e9l\u00e9gu\u00e9s minist\u00e9riels de la RDC\"><img loading=\"lazy\" decoding=\"async\" width=\"2000\" height=\"1333\" src=\"https:\/\/www.saf-allestimenti.com\/wp-content\/uploads\/2024\/08\/Visita-delegati-ministeriali-dellRDC.jpg\" class=\"attachment-full size-full wp-post-image\" alt=\"\" srcset=\"https:\/\/www.saf-allestimenti.com\/wp-content\/uploads\/2024\/08\/Visita-delegati-ministeriali-dellRDC.jpg 2000w, https:\/\/www.saf-allestimenti.com\/wp-content\/uploads\/2024\/08\/Visita-delegati-ministeriali-dellRDC-300x200.jpg 300w, https:\/\/www.saf-allestimenti.com\/wp-content\/uploads\/2024\/08\/Visita-delegati-ministeriali-dellRDC-1024x682.jpg 1024w, https:\/\/www.saf-allestimenti.com\/wp-content\/uploads\/2024\/08\/Visita-delegati-ministeriali-dellRDC-1536x1024.jpg 1536w\" sizes=\"auto, (max-width: 2000px) 100vw, 2000px\" \/><\/a><\/div><div class=\"w-vwrapper usg_vwrapper_1 align_center valign_top\"><div class=\"w-post-elm post_title usg_post_title_1 hide_if_not_first entry-title color_link_inherit\">Visite des d\u00e9l\u00e9gu\u00e9s minist\u00e9riels de la RDC<\/div><\/div>\t\t<\/div>\r\n\t\t\t<\/article>\r\n\t<article class=\"w-grid-item post-14553 us_testimonial type-us_testimonial status-publish has-post-thumbnail hentry us_testimonial_category-rappresentanze-fr\" data-id=\"14553\">\r\n\t\t<div class=\"w-grid-item-h\">\r\n\t\t\t\t\t\t<div class=\"w-post-elm post_image usg_post_image_1 stretched\"><a ref=\"magnificPopup\" href=\"https:\/\/www.saf-allestimenti.com\/wp-content\/uploads\/2024\/08\/Visita-rappresentanza-dellRDC.jpg\" aria-label=\"Visite du repr\u00e9sentant de la RDC\"><img loading=\"lazy\" decoding=\"async\" width=\"2000\" height=\"1333\" src=\"https:\/\/www.saf-allestimenti.com\/wp-content\/uploads\/2024\/08\/Visita-rappresentanza-dellRDC.jpg\" class=\"attachment-full size-full wp-post-image\" alt=\"\" srcset=\"https:\/\/www.saf-allestimenti.com\/wp-content\/uploads\/2024\/08\/Visita-rappresentanza-dellRDC.jpg 2000w, https:\/\/www.saf-allestimenti.com\/wp-content\/uploads\/2024\/08\/Visita-rappresentanza-dellRDC-300x200.jpg 300w, https:\/\/www.saf-allestimenti.com\/wp-content\/uploads\/2024\/08\/Visita-rappresentanza-dellRDC-1024x682.jpg 1024w, https:\/\/www.saf-allestimenti.com\/wp-content\/uploads\/2024\/08\/Visita-rappresentanza-dellRDC-1536x1024.jpg 1536w\" sizes=\"auto, (max-width: 2000px) 100vw, 2000px\" \/><\/a><\/div><div class=\"w-vwrapper usg_vwrapper_1 align_center valign_top\"><div class=\"w-post-elm post_title usg_post_title_1 hide_if_not_first entry-title color_link_inherit\">Visite du repr\u00e9sentant de la RDC<\/div><\/div>\t\t<\/div>\r\n\t\t\t<\/article>\r\n<\/div>\t<div class=\"g-preloader type_1\">\r\n\t\t<div><\/div>\r\n\t<\/div>\r\n\t\t<div class=\"w-grid-json hidden\" onclick='return {&quot;action&quot;:&quot;us_ajax_grid&quot;,&quot;infinite_scroll&quot;:0,&quot;max_num_pages&quot;:1,&quot;pagination&quot;:&quot;none&quot;,&quot;template_vars&quot;:{&quot;columns&quot;:&quot;&quot;,&quot;exclude_items&quot;:&quot;none&quot;,&quot;img_size&quot;:&quot;default&quot;,&quot;ignore_items_size&quot;:0,&quot;items_layout&quot;:&quot;12477&quot;,&quot;items_offset&quot;:&quot;0px&quot;,&quot;load_animation&quot;:&quot;none&quot;,&quot;overriding_link&quot;:&quot;%7B%22url%22%3A%22%22%7D&quot;,&quot;post_id&quot;:0,&quot;query_args&quot;:{&quot;post_type&quot;:[&quot;us_testimonial&quot;],&quot;tax_query&quot;:[{&quot;taxonomy&quot;:&quot;us_testimonial_category&quot;,&quot;field&quot;:&quot;slug&quot;,&quot;terms&quot;:[&quot;rappresentanze-fr&quot;]}],&quot;post_status&quot;:[&quot;publish&quot;],&quot;posts_per_page&quot;:999},&quot;orderby_query_args&quot;:{&quot;orderby&quot;:{&quot;post__in&quot;:&quot;ASC&quot;},&quot;order&quot;:&quot;ASC&quot;},&quot;type&quot;:&quot;carousel&quot;,&quot;us_grid_post_type&quot;:&quot;us_testimonial&quot;,&quot;us_grid_ajax_index&quot;:1,&quot;us_grid_filter_query_string&quot;:null,&quot;us_grid_index&quot;:1,&quot;page_args&quot;:[],&quot;lang&quot;:&quot;fr&quot;},&quot;carousel_settings&quot;:{&quot;aria_labels&quot;:{&quot;prev&quot;:&quot;Pr\\u00e9c\\u00e9dent&quot;,&quot;next&quot;:&quot;Suivant&quot;},&quot;autoplayContinual&quot;:false,&quot;autoplayHoverPause&quot;:false,&quot;autoplayTimeout&quot;:5000,&quot;autoWidth&quot;:false,&quot;smartSpeed&quot;:350,&quot;margin&quot;:0,&quot;mouseDrag&quot;:true,&quot;rtl&quot;:false,&quot;slideBy&quot;:&quot;1&quot;,&quot;touchDrag&quot;:true,&quot;slideTransition&quot;:&quot;&quot;,&quot;responsive&quot;:{&quot;0&quot;:{&quot;autoHeight&quot;:false,&quot;autoplay&quot;:true,&quot;autoWidth&quot;:false,&quot;center&quot;:false,&quot;dots&quot;:true,&quot;items&quot;:2,&quot;loop&quot;:true,&quot;nav&quot;:false,&quot;stagePadding&quot;:0,&quot;slideBy&quot;:&quot;1&quot;},&quot;601&quot;:{&quot;autoHeight&quot;:false,&quot;autoplay&quot;:true,&quot;autoWidth&quot;:false,&quot;center&quot;:false,&quot;dots&quot;:true,&quot;items&quot;:3,&quot;loop&quot;:true,&quot;nav&quot;:true,&quot;stagePadding&quot;:0,&quot;slideBy&quot;:&quot;1&quot;},&quot;1025&quot;:{&quot;autoHeight&quot;:false,&quot;autoplay&quot;:true,&quot;autoWidth&quot;:false,&quot;center&quot;:false,&quot;dots&quot;:true,&quot;items&quot;:3,&quot;loop&quot;:true,&quot;nav&quot;:true,&quot;stagePadding&quot;:0,&quot;slideBy&quot;:&quot;1&quot;},&quot;1281&quot;:{&quot;items&quot;:3,&quot;autoplay&quot;:true,&quot;center&quot;:false,&quot;dots&quot;:true,&quot;nav&quot;:true,&quot;autoHeight&quot;:false,&quot;autoWidth&quot;:false,&quot;loop&quot;:true,&quot;stagePadding&quot;:0}}}}'><\/div>\r\n\t<\/div><\/div><\/div><\/div><\/div><\/div><\/section><section class=\"l-section wpb_row height_medium\"><div class=\"l-section-overlay\" style=\"background:#000000\"><\/div><div class=\"l-section-h i-cf\"><div class=\"g-cols vc_row via_flex valign_top type_default stacking_default\"><div class=\"vc_col-sm-4 wpb_column vc_column_container\"><div class=\"vc_column-inner us_custom_e7b9bd71 us_animate_this\"><div class=\"wpb_wrapper\"><div class=\"w-separator us_custom_81a92080 size_small with_line width_default thick_1 style_solid color_text align_center\"><div class=\"w-separator-h\"><\/div><\/div><div class=\"w-separator size_custom\" style=\"height:10px\"><\/div><div class=\"w-hwrapper valign_baseline align_none\" style=\"--hwrapper-gap:1rem\"><div class=\"wpb_text_column us_custom_1bd013a7 has_text_color\"><div class=\"wpb_wrapper\"><p>Qualit\u00e9<\/p>\n<\/div><\/div><div class=\"wpb_text_column us_custom_506499c8 has_text_color\"><div class=\"wpb_wrapper\"><p>et<\/p>\n<\/div><\/div><\/div><div class=\"w-separator size_custom\" style=\"height:25px\"><\/div><div class=\"w-hwrapper valign_baseline align_none\" style=\"--hwrapper-gap:1rem\"><div class=\"wpb_text_column us_custom_8b2145d7 has_text_color\"><div class=\"wpb_wrapper\"><p>innovation<\/p>\n<\/div><\/div><\/div><div class=\"w-separator size_small\"><\/div><div class=\"wpb_text_column us_custom_a5c88937\"><div class=\"wpb_wrapper\"><p>SAF Allestimenti se caract\u00e9rise par son EXP\u00c9RIENCE, associ\u00e9e \u00e0 une recherche constante de solutions innovantes et \u00e0 l&rsquo;utilisation de technologies de pointe.<\/p>\n<p>Son \u00e9quipe de professionnels qualifi\u00e9s offre au client un soutien solide et constant \u00e0 toutes les \u00e9tapes du d\u00e9veloppement du projet, en garantissant des normes de QUALIT\u00c9 \u00e9lev\u00e9es.<\/p>\n<\/div><\/div><div class=\"w-separator size_medium\"><\/div><\/div><\/div><\/div><div class=\"vc_col-sm-4 wpb_column vc_column_container\"><div class=\"vc_column-inner us_custom_7ab65c07 us_animate_this\"><div class=\"wpb_wrapper\"><div class=\"w-separator us_custom_81a92080 size_small with_line width_default thick_1 style_solid color_text align_center\"><div class=\"w-separator-h\"><\/div><\/div><div class=\"w-separator size_custom\" style=\"height:10px\"><\/div><div class=\"w-hwrapper valign_baseline align_none\" style=\"--hwrapper-gap:1rem\"><div class=\"wpb_text_column us_custom_1bd013a7 has_text_color\"><div class=\"wpb_wrapper\"><p>Design<\/p>\n<\/div><\/div><div class=\"w-separator size_custom\" style=\"height:38px\"><\/div><\/div><div class=\"w-separator size_custom\" style=\"height:25px\"><\/div><div class=\"w-hwrapper valign_baseline align_none\" style=\"--hwrapper-gap:1rem\"><div class=\"wpb_text_column us_custom_8b2145d7 has_text_color\"><div class=\"wpb_wrapper\"><p>personnalis\u00e9<\/p>\n<\/div><\/div><\/div><div class=\"w-separator size_small\"><\/div><div class=\"wpb_text_column us_custom_a5c88937\"><div class=\"wpb_wrapper\"><p>Notre passion est de concevoir et de mettre en place des solutions non conventionnelles avec une forte personnalit\u00e9.<\/p>\n<p>Une \u00e9quipe de conception comp\u00e9tente et dynamique utilise les meilleures technologies, avec l&rsquo;aide de logiciels tridimensionnels avanc\u00e9s, cr\u00e9e des solutions avec des d\u00e9tails raffin\u00e9s et un design \u00e9l\u00e9gant, d\u00e9veloppe des rendus qui permettent au client une vue photo-r\u00e9aliste du projet. SAF garantit une assistance continue au client afin de calibrer constamment le projet en fonction des objectifs.<\/p>\n<\/div><\/div><div class=\"w-separator size_medium\"><\/div><\/div><\/div><\/div><div class=\"vc_col-sm-4 wpb_column vc_column_container\"><div class=\"vc_column-inner us_custom_2c22e8f1 us_animate_this\"><div class=\"wpb_wrapper\"><div class=\"w-separator us_custom_81a92080 size_small with_line width_default thick_1 style_solid color_text align_center\"><div class=\"w-separator-h\"><\/div><\/div><div class=\"w-separator size_custom\" style=\"height:10px\"><\/div><div class=\"w-hwrapper valign_baseline align_none\" style=\"--hwrapper-gap:1rem\"><div class=\"wpb_text_column us_custom_8b2145d7 has_text_color\"><div class=\"wpb_wrapper\"><p>Service<\/p>\n<\/div><\/div><div class=\"wpb_text_column us_custom_8b2145d7 has_text_color\"><div class=\"wpb_wrapper\"><p>\u00e0<\/p>\n<\/div><\/div><\/div><div class=\"w-separator size_custom\" style=\"height:25px\"><\/div><div class=\"w-hwrapper valign_baseline align_none\" style=\"--hwrapper-gap:1rem\"><div class=\"wpb_text_column us_custom_1bd013a7 has_text_color\"><div class=\"wpb_wrapper\"><p>360\u00b0<\/p>\n<\/div><\/div><\/div><div class=\"w-separator size_small\"><\/div><div class=\"wpb_text_column us_custom_a5c88937\"><div class=\"wpb_wrapper\"><p>SAF ALLESTIMENTI applique une approche int\u00e9gr\u00e9e et compl\u00e8te \u00e0 l&rsquo;offre de services, de la planification initiale au support apr\u00e8s-vente, en fournissant des solutions CL\u00c9S EN MAIN.<\/p>\n<p>Ce service est pens\u00e9 pour les clients qui souhaitent simplifier les proc\u00e9dures gr\u00e2ce \u00e0 un partenaire qui g\u00e8re toutes les phases du projet en garantissant un niveau de qualit\u00e9 tr\u00e8s \u00e9lev\u00e9 dans le respect des d\u00e9alis \u00e9tablis.<\/p>\n<\/div><\/div><div class=\"w-separator size_medium\"><\/div><\/div><\/div><\/div><\/div><\/div><\/section><section class=\"l-section wpb_row us_custom_c6c1055b us_animate_this height_auto with_video\"><div id=\"us_bg_video_zbcc\" class=\"l-section-video\"><script id=\"us_bg_video_zbcc-script\">!function(w){var node = document.getElementById( 'us_bg_video_zbcc' );if ( w.innerWidth <= 1024 ) { node.remove() }}(window);<\/script><style>@media(max-width:1024px){#us_bg_video_zbcc{display:none!important}}<\/style><video  autoplay loop muted playsinline preload=\"auto\"><source type=\"video\/mp4\" src=\"https:\/\/www.saf-allestimenti.com\/wp-content\/uploads\/2023\/12\/200116_Lens-effect_colour_4k_016.mov\" \/><\/video><\/div><div class=\"l-section-h i-cf\"><div class=\"g-cols vc_row via_flex valign_top type_default stacking_default\"><div class=\"vc_col-sm-12 wpb_column vc_column_container\"><div class=\"vc_column-inner\"><div class=\"wpb_wrapper\"><div class=\"w-separator size_custom\" style=\"height:6px\"><\/div><\/div><\/div><\/div><\/div><\/div><\/section><section class=\"l-section wpb_row height_medium\"><div class=\"l-section-overlay\" style=\"background:#000000\"><\/div><div class=\"l-section-h i-cf\"><div class=\"g-cols vc_row via_flex valign_top type_default stacking_default\"><div class=\"vc_col-sm-6 wpb_column vc_column_container\"><div class=\"vc_column-inner us_custom_14c3d9a0 us_animate_this\"><div class=\"wpb_wrapper\"><div class=\"w-separator us_custom_81a92080 size_small with_line width_default thick_1 style_solid color_text align_center\"><div class=\"w-separator-h\"><\/div><\/div><div class=\"w-separator size_custom\" style=\"height:10px\"><\/div><div class=\"w-hwrapper valign_baseline align_none\" style=\"--hwrapper-gap:1rem\"><div class=\"wpb_text_column us_custom_506499c8 has_text_color\"><div class=\"wpb_wrapper\"><p>Services<\/p>\n<\/div><\/div><div class=\"wpb_text_column us_custom_ce960cdc has_text_color\"><div class=\"wpb_wrapper\"><p>de<\/p>\n<\/div><\/div><\/div><div class=\"w-separator size_custom\" style=\"height:25px\"><\/div><div class=\"w-hwrapper valign_baseline align_none\" style=\"--hwrapper-gap:1rem\"><div class=\"wpb_text_column us_custom_6cbace15 has_text_color\"><div class=\"wpb_wrapper\"><p>production<\/p>\n<\/div><\/div><\/div><\/div><\/div><\/div><div class=\"vc_col-sm-6 wpb_column vc_column_container\"><div class=\"vc_column-inner us_custom_c265128b us_animate_this\"><div class=\"wpb_wrapper\"><div class=\"w-separator size_custom\" style=\"height:25px\"><\/div><div class=\"wpb_text_column us_custom_a5c88937\"><div class=\"wpb_wrapper\"><p>Le cycle de production interne est g\u00e9r\u00e9 par six ateliers sp\u00e9cialis\u00e9s : menuiserie, charpenterie m\u00e9tallique, peinture, d\u00e9coupe CNC, traitement de la pierre et impression grand format.<\/p>\n<p>Chaque atelir est interconnect\u00e9 et travaille en synergie pour optimiser le flux de travail, les d\u00e9lais et la qualit\u00e9, garantissant ainsi que chaque projet est ex\u00e9cut\u00e9 avec pr\u00e9cision et efficacit\u00e9.<\/p>\n<\/div><\/div><\/div><\/div><\/div><\/div><\/div><\/section><section class=\"l-section wpb_row us_custom_d77bca1a us_animate_this height_medium\"><div class=\"l-section-overlay\" style=\"background:#000000\"><\/div><div class=\"l-section-h i-cf\"><div class=\"g-cols vc_row via_flex valign_top type_default stacking_default\"><div class=\"vc_col-sm-12 wpb_column vc_column_container\"><div class=\"vc_column-inner\"><div class=\"wpb_wrapper\"><script>console.log(\"Reparti produttivi FR: Please register the Slider Revolution plugin to use premium templates.\")<\/script>\n<\/div><\/div><\/div><\/div><\/div><\/section><section class=\"l-section wpb_row height_medium\"><div class=\"l-section-overlay\" style=\"background:#000000\"><\/div><div class=\"l-section-h i-cf\"><div class=\"g-cols vc_row via_flex valign_top type_default stacking_default\"><div class=\"vc_col-sm-6 wpb_column vc_column_container\"><div class=\"vc_column-inner us_custom_14c3d9a0 us_animate_this\"><div class=\"wpb_wrapper\"><div class=\"w-separator us_custom_81a92080 size_small with_line width_default thick_1 style_solid color_text align_center\"><div class=\"w-separator-h\"><\/div><\/div><div class=\"w-separator size_custom\" style=\"height:10px\"><\/div><div class=\"w-hwrapper valign_baseline align_none\" style=\"--hwrapper-gap:1rem\"><div class=\"wpb_text_column us_custom_506499c8 has_text_color\"><div class=\"wpb_wrapper\"><p>Notre<\/p>\n<\/div><\/div><\/div><div class=\"w-separator size_custom\" style=\"height:25px\"><\/div><div class=\"w-hwrapper valign_baseline align_none\" style=\"--hwrapper-gap:1rem\"><div class=\"wpb_text_column us_custom_8b3f270a has_text_color\"><div class=\"wpb_wrapper\"><p>certification<\/p>\n<\/div><\/div><\/div><\/div><\/div><\/div><div class=\"vc_col-sm-6 wpb_column vc_column_container\"><div class=\"vc_column-inner us_custom_c265128b us_animate_this\"><div class=\"wpb_wrapper\"><div class=\"w-separator size_custom\" style=\"height:25px\"><\/div><div class=\"wpb_text_column us_custom_a5c88937\"><div class=\"wpb_wrapper\"><p>SAF ALLESTIMENTI est certifi\u00e9e pour son syst\u00e8me de management de la qualit\u00e9 conform\u00e9ment aux exigences des normes :<\/p>\n<p>\u2022 ISO 9001:2015 pour le domaine d&rsquo;application conception et production d&rsquo;am\u00e9nagements sp\u00e9cifiques et travaux de maintenance pour le secteur civil et militaire ;<\/p>\n<p>\u2022 UNI EN 9120:2018 pour les activit\u00e9s relevant du syst\u00e8me de gestion dans le secteur de l&rsquo;a\u00e9rospatiale et de la d\u00e9fense.<\/p>\n<p>Saf Allestimenti s&rsquo;engage \u00e9galement en faveur de la durabilit\u00e9 environnementale en participant au programme CARBON FREE, qui vise \u00e0 r\u00e9duire les \u00e9missions pendant le transport.<\/p>\n<p>En outre, nous utilisons des mat\u00e9riaux certifi\u00e9s FSC pour garantir une gestion responsable des for\u00eats et la tra\u00e7abilit\u00e9 des produits d\u00e9riv\u00e9s.<\/p>\n<\/div><\/div><div class=\"w-separator us_custom_81a92080 size_small with_line width_default thick_1 style_solid color_text align_center\"><div class=\"w-separator-h\"><\/div><\/div><div class=\"wpb_text_column us_custom_a5c88937\"><div class=\"wpb_wrapper\"><p>Acc\u00e9der au certificat:<\/p>\n<\/div><\/div><div class=\"w-separator size_small\"><\/div><div class=\"wpb_text_column us_custom_ca83fe9c\"><div class=\"wpb_wrapper\"><ul>\n<li><a href=\"https:\/\/www.saf-allestimenti.com\/wp-content\/uploads\/2023\/05\/saf-allestimenti-certificazione-Intercert.pdf\" target=\"_blank\" rel=\"noopener\">ISO 9001:2015<\/a><\/li>\n<\/ul>\n<\/div><\/div><div class=\"w-separator size_custom\" style=\"height:15px\"><\/div><div class=\"wpb_text_column us_custom_ca83fe9c\"><div class=\"wpb_wrapper\"><ul>\n<li><a href=\"https:\/\/www.saf-allestimenti.com\/wp-content\/uploads\/2024\/09\/saf-allestimenti-Certificazione-9120-2018.pdf\" target=\"_blank\" rel=\"noopener\">UNI EN 9120:2018<\/a><\/li>\n<\/ul>\n<\/div><\/div><\/div><\/div><\/div><\/div><\/div><\/section><section class=\"l-section wpb_row height_medium\"><div class=\"l-section-overlay\" style=\"background:#000000\"><\/div><div class=\"l-section-h i-cf\"><div class=\"g-cols vc_row via_flex valign_top type_default stacking_default\"><div class=\"vc_col-sm-6 wpb_column vc_column_container\"><div class=\"vc_column-inner us_custom_14c3d9a0 us_animate_this\"><div class=\"wpb_wrapper\"><div class=\"w-separator us_custom_81a92080 size_small with_line width_default thick_1 style_solid color_text align_center\"><div class=\"w-separator-h\"><\/div><\/div><div class=\"w-separator size_custom\" style=\"height:10px\"><\/div><div class=\"w-hwrapper valign_baseline align_none\" style=\"--hwrapper-gap:1rem\"><div class=\"wpb_text_column us_custom_506499c8 has_text_color\"><div class=\"wpb_wrapper\"><p>Nos<\/p>\n<\/div><\/div><\/div><div class=\"w-separator size_custom\" style=\"height:25px\"><\/div><div class=\"w-hwrapper valign_baseline align_none\" style=\"--hwrapper-gap:1rem\"><div class=\"wpb_text_column us_custom_1bd013a7 has_text_color\"><div class=\"wpb_wrapper\"><p>licences<\/p>\n<\/div><\/div><\/div><\/div><\/div><\/div><div class=\"vc_col-sm-6 wpb_column vc_column_container\"><div class=\"vc_column-inner us_custom_c265128b us_animate_this\"><div class=\"wpb_wrapper\"><div class=\"w-separator size_custom\" style=\"height:25px\"><\/div><div class=\"wpb_text_column us_custom_a5c88937\"><div class=\"wpb_wrapper\"><p>Au cours des ann\u00e9es, SAF Allestimenti a obtenu de nombreux brevets et certifications pour des inventions industrielles et des mod\u00e8les d&rsquo;utilit\u00e9 aupr\u00e8s du minist\u00e8re italien du d\u00e9veloppement \u00e9conomique.<\/p>\n<p>Nous avons \u00e9galement enregistr\u00e9 plusieurs dessins et mod\u00e8les aupr\u00e8s de l&rsquo;Office de l&rsquo;Union europ\u00e9enne pour la propri\u00e9t\u00e9 intellectuelle (EUIPO), renfor\u00e7ant ainsi notre engagement en faveur de l&rsquo;innovation et notre position de leader dans l&rsquo;industrie.<\/p>\n<\/div><\/div><\/div><\/div><\/div><\/div><\/div><\/section><section class=\"l-section wpb_row us_custom_af99d3c9 us_animate_this height_small\"><div class=\"l-section-overlay\" style=\"background:#000000\"><\/div><div class=\"l-section-h i-cf\"><div class=\"g-cols vc_row via_flex valign_top type_default stacking_default\"><div class=\"vc_col-sm-4 wpb_column vc_column_container\"><div class=\"vc_column-inner\"><div class=\"wpb_wrapper\"><div class=\"w-image style_outlined align_none\"><a ref=\"magnificPopup\" href=\"https:\/\/www.saf-allestimenti.com\/wp-content\/uploads\/2024\/07\/saf-allestimenti-postazione-operativa-mobile.jpg\" aria-label=\"saf-allestimenti-postazione-operativa-mobile\" class=\"w-image-h\"><img decoding=\"async\" width=\"1240\" height=\"1240\" src=\"https:\/\/www.saf-allestimenti.com\/wp-content\/uploads\/2024\/07\/saf-allestimenti-postazione-operativa-mobile.jpg\" class=\"attachment-full size-full\" alt=\"\" loading=\"lazy\" srcset=\"https:\/\/www.saf-allestimenti.com\/wp-content\/uploads\/2024\/07\/saf-allestimenti-postazione-operativa-mobile.jpg 1240w, https:\/\/www.saf-allestimenti.com\/wp-content\/uploads\/2024\/07\/saf-allestimenti-postazione-operativa-mobile-300x300.jpg 300w, https:\/\/www.saf-allestimenti.com\/wp-content\/uploads\/2024\/07\/saf-allestimenti-postazione-operativa-mobile-1024x1024.jpg 1024w, https:\/\/www.saf-allestimenti.com\/wp-content\/uploads\/2024\/07\/saf-allestimenti-postazione-operativa-mobile-150x150.jpg 150w\" sizes=\"auto, (max-width: 1240px) 100vw, 1240px\" \/><\/a><\/div><div class=\"w-separator us_custom_81a92080 size_custom\" style=\"height:15px\"><\/div><div class=\"wpb_text_column us_custom_1b04de86\"><div class=\"wpb_wrapper\"><p>STATION D&rsquo;EXPLOITATION MOBILE.<br \/>\nCertificat n\u00b0 202023000002358<\/p>\n<\/div><\/div><div class=\"w-separator size_medium\"><\/div><\/div><\/div><\/div><div class=\"vc_col-sm-4 wpb_column vc_column_container\"><div class=\"vc_column-inner\"><div class=\"wpb_wrapper\"><div class=\"w-image style_outlined align_none\"><a ref=\"magnificPopup\" href=\"https:\/\/www.saf-allestimenti.com\/wp-content\/uploads\/2024\/07\/saf-allestimenti-container-esploso.jpg\" aria-label=\"saf-allestimenti-container-esploso\" class=\"w-image-h\"><img decoding=\"async\" width=\"1240\" height=\"1240\" src=\"https:\/\/www.saf-allestimenti.com\/wp-content\/uploads\/2024\/07\/saf-allestimenti-container-esploso.jpg\" class=\"attachment-full size-full\" alt=\"\" loading=\"lazy\" srcset=\"https:\/\/www.saf-allestimenti.com\/wp-content\/uploads\/2024\/07\/saf-allestimenti-container-esploso.jpg 1240w, https:\/\/www.saf-allestimenti.com\/wp-content\/uploads\/2024\/07\/saf-allestimenti-container-esploso-300x300.jpg 300w, https:\/\/www.saf-allestimenti.com\/wp-content\/uploads\/2024\/07\/saf-allestimenti-container-esploso-1024x1024.jpg 1024w, https:\/\/www.saf-allestimenti.com\/wp-content\/uploads\/2024\/07\/saf-allestimenti-container-esploso-150x150.jpg 150w\" sizes=\"auto, (max-width: 1240px) 100vw, 1240px\" \/><\/a><\/div><div class=\"w-separator us_custom_81a92080 size_custom\" style=\"height:15px\"><\/div><div class=\"wpb_text_column us_custom_1b04de86\"><div class=\"wpb_wrapper\"><p>CONTENEUR POUR UNIT\u00c9S D&rsquo;HABITATION MODULAIRES, DURABLES SUR LE PLAN ENVIRONNEMENTAL ET D\u00c9MONTABLES.<br \/>\nCertificat n\u00b0 102019000011247<\/p>\n<\/div><\/div><div class=\"w-separator size_medium\"><\/div><\/div><\/div><\/div><div class=\"vc_col-sm-4 wpb_column vc_column_container\"><div class=\"vc_column-inner\"><div class=\"wpb_wrapper\"><div class=\"w-image style_outlined align_none\"><a ref=\"magnificPopup\" href=\"https:\/\/www.saf-allestimenti.com\/wp-content\/uploads\/2024\/07\/saf-allestimenti-Espositore-da-terra.jpg\" aria-label=\"saf-allestimenti-Espositore da terra\" class=\"w-image-h\"><img decoding=\"async\" width=\"1240\" height=\"1240\" src=\"https:\/\/www.saf-allestimenti.com\/wp-content\/uploads\/2024\/07\/saf-allestimenti-Espositore-da-terra.jpg\" class=\"attachment-full size-full\" alt=\"\" loading=\"lazy\" srcset=\"https:\/\/www.saf-allestimenti.com\/wp-content\/uploads\/2024\/07\/saf-allestimenti-Espositore-da-terra.jpg 1240w, https:\/\/www.saf-allestimenti.com\/wp-content\/uploads\/2024\/07\/saf-allestimenti-Espositore-da-terra-300x300.jpg 300w, https:\/\/www.saf-allestimenti.com\/wp-content\/uploads\/2024\/07\/saf-allestimenti-Espositore-da-terra-1024x1024.jpg 1024w, https:\/\/www.saf-allestimenti.com\/wp-content\/uploads\/2024\/07\/saf-allestimenti-Espositore-da-terra-150x150.jpg 150w\" sizes=\"auto, (max-width: 1240px) 100vw, 1240px\" \/><\/a><\/div><div class=\"w-separator us_custom_81a92080 size_custom\" style=\"height:15px\"><\/div><div class=\"wpb_text_column us_custom_1b04de86\"><div class=\"wpb_wrapper\"><p>UNIT\u00c9 DE PR\u00c9SENTATION BILAT\u00c9RALE AU SOL.<br \/>\nCertificat n\u00b0 202021000004229<\/p>\n<\/div><\/div><div class=\"w-separator size_medium\"><\/div><\/div><\/div><\/div><\/div><\/div><\/section><section class=\"l-section wpb_row us_custom_d3f8f612 us_animate_this height_small\"><div class=\"l-section-overlay\" style=\"background:#000000\"><\/div><div class=\"l-section-h i-cf\"><div class=\"g-cols vc_row via_flex valign_top type_default stacking_default\"><div class=\"vc_col-sm-12 wpb_column vc_column_container\"><div class=\"vc_column-inner\"><div class=\"wpb_wrapper\"><div class=\"wpb_text_column us_custom_174f0058 has_text_color hide_on_default hide_on_laptops hide_on_tablets hide_on_mobiles\"><div class=\"wpb_wrapper\"><p>Le nostre sedi<\/p>\n<\/div><\/div><div class=\"w-separator size_small\"><\/div><div class=\"w-image align_center\"><div class=\"w-image-h\"><img decoding=\"async\" width=\"3000\" height=\"554\" src=\"https:\/\/www.saf-allestimenti.com\/wp-content\/uploads\/2024\/08\/saf-allestimenti-sedi3.png\" class=\"attachment-full size-full\" alt=\"\" loading=\"lazy\" srcset=\"https:\/\/www.saf-allestimenti.com\/wp-content\/uploads\/2024\/08\/saf-allestimenti-sedi3.png 3000w, https:\/\/www.saf-allestimenti.com\/wp-content\/uploads\/2024\/08\/saf-allestimenti-sedi3-300x55.png 300w, https:\/\/www.saf-allestimenti.com\/wp-content\/uploads\/2024\/08\/saf-allestimenti-sedi3-1024x189.png 1024w, https:\/\/www.saf-allestimenti.com\/wp-content\/uploads\/2024\/08\/saf-allestimenti-sedi3-1536x284.png 1536w\" sizes=\"auto, (max-width: 3000px) 100vw, 3000px\" \/><\/div><\/div><div class=\"w-separator size_small\"><\/div><div class=\"w-separator size_medium\"><\/div><\/div><\/div><\/div><\/div><\/div><\/section>\n","protected":false},"excerpt":{"rendered":"","protected":false},"author":1,"featured_media":0,"parent":0,"menu_order":0,"comment_status":"closed","ping_status":"closed","template":"","meta":{"iawp_total_views":19,"footnotes":""},"class_list":["post-14596","page","type-page","status-publish","hentry"],"yoast_head":"<!-- This site is optimized with the Yoast SEO plugin v25.5 - https:\/\/yoast.com\/wordpress\/plugins\/seo\/ -->\n<title>SAF Allestimenti : experts en am\u00e9nagements innovants et durables<\/title>\n<meta name=\"description\" content=\"SAF Allestimenti garantit des solutions sur mesure pour les \u00e9v\u00e9nements, les espaces commerciaux et les foires, en alliant cr\u00e9ativit\u00e9, technologie et durabilit\u00e9. Nous sommes \u00e0 Lanciano (Ch) - Italie\" \/>\n<meta name=\"robots\" content=\"index, follow, max-snippet:-1, max-image-preview:large, max-video-preview:-1\" \/>\n<link rel=\"canonical\" href=\"https:\/\/www.saf-allestimenti.com\/fr\/lentreprise\/\" \/>\n<meta property=\"og:locale\" content=\"fr_FR\" \/>\n<meta property=\"og:type\" content=\"article\" \/>\n<meta property=\"og:title\" content=\"SAF Allestimenti : experts en am\u00e9nagements innovants et durables\" \/>\n<meta property=\"og:description\" content=\"SAF Allestimenti garantit des solutions sur mesure pour les \u00e9v\u00e9nements, les espaces commerciaux et les foires, en alliant cr\u00e9ativit\u00e9, technologie et durabilit\u00e9. Nous sommes \u00e0 Lanciano (Ch) - Italie\" \/>\n<meta property=\"og:url\" content=\"https:\/\/www.saf-allestimenti.com\/fr\/lentreprise\/\" \/>\n<meta property=\"og:site_name\" content=\"Saf Allestimenti\" \/>\n<meta property=\"article:modified_time\" content=\"2024-09-20T14:14:36+00:00\" \/>\n<meta name=\"twitter:card\" content=\"summary_large_image\" \/>\n<meta name=\"twitter:label1\" content=\"Dur\u00e9e de lecture estim\u00e9e\" \/>\n\t<meta name=\"twitter:data1\" content=\"5 minutes\" \/>\n<script type=\"application\/ld+json\" class=\"yoast-schema-graph\">{\"@context\":\"https:\/\/schema.org\",\"@graph\":[{\"@type\":\"WebPage\",\"@id\":\"https:\/\/www.saf-allestimenti.com\/fr\/lentreprise\/\",\"url\":\"https:\/\/www.saf-allestimenti.com\/fr\/lentreprise\/\",\"name\":\"SAF Allestimenti : experts en am\u00e9nagements innovants et durables\",\"isPartOf\":{\"@id\":\"https:\/\/www.saf-allestimenti.com\/fr\/#website\"},\"datePublished\":\"2023-05-24T07:36:28+00:00\",\"dateModified\":\"2024-09-20T14:14:36+00:00\",\"description\":\"SAF Allestimenti garantit des solutions sur mesure pour les \u00e9v\u00e9nements, les espaces commerciaux et les foires, en alliant cr\u00e9ativit\u00e9, technologie et durabilit\u00e9. Nous sommes \u00e0 Lanciano (Ch) - Italie\",\"breadcrumb\":{\"@id\":\"https:\/\/www.saf-allestimenti.com\/fr\/lentreprise\/#breadcrumb\"},\"inLanguage\":\"fr-FR\",\"potentialAction\":[{\"@type\":\"ReadAction\",\"target\":[\"https:\/\/www.saf-allestimenti.com\/fr\/lentreprise\/\"]}]},{\"@type\":\"BreadcrumbList\",\"@id\":\"https:\/\/www.saf-allestimenti.com\/fr\/lentreprise\/#breadcrumb\",\"itemListElement\":[{\"@type\":\"ListItem\",\"position\":1,\"name\":\"Home\",\"item\":\"https:\/\/www.saf-allestimenti.com\/fr\/\"},{\"@type\":\"ListItem\",\"position\":2,\"name\":\"L&#8217;entreprise\"}]},{\"@type\":\"WebSite\",\"@id\":\"https:\/\/www.saf-allestimenti.com\/fr\/#website\",\"url\":\"https:\/\/www.saf-allestimenti.com\/fr\/\",\"name\":\"Saf Allestimenti\",\"description\":\"\",\"publisher\":{\"@id\":\"https:\/\/www.saf-allestimenti.com\/fr\/#organization\"},\"potentialAction\":[{\"@type\":\"SearchAction\",\"target\":{\"@type\":\"EntryPoint\",\"urlTemplate\":\"https:\/\/www.saf-allestimenti.com\/fr\/?s={search_term_string}\"},\"query-input\":{\"@type\":\"PropertyValueSpecification\",\"valueRequired\":true,\"valueName\":\"search_term_string\"}}],\"inLanguage\":\"fr-FR\"},{\"@type\":\"Organization\",\"@id\":\"https:\/\/www.saf-allestimenti.com\/fr\/#organization\",\"name\":\"Saf Allestimenti\",\"url\":\"https:\/\/www.saf-allestimenti.com\/fr\/\",\"logo\":{\"@type\":\"ImageObject\",\"inLanguage\":\"fr-FR\",\"@id\":\"https:\/\/www.saf-allestimenti.com\/fr\/#\/schema\/logo\/image\/\",\"url\":\"https:\/\/www.saf-allestimenti.com\/wp-content\/uploads\/2024\/08\/saf-allestimenti-logo-bb.png\",\"contentUrl\":\"https:\/\/www.saf-allestimenti.com\/wp-content\/uploads\/2024\/08\/saf-allestimenti-logo-bb.png\",\"width\":2000,\"height\":1155,\"caption\":\"Saf Allestimenti\"},\"image\":{\"@id\":\"https:\/\/www.saf-allestimenti.com\/fr\/#\/schema\/logo\/image\/\"},\"sameAs\":[\"https:\/\/www.linkedin.com\/company\/saf-allestimenti\/\"]}]}<\/script>\n<!-- \/ Yoast SEO plugin. -->","yoast_head_json":{"title":"SAF Allestimenti : experts en am\u00e9nagements innovants et durables","description":"SAF Allestimenti garantit des solutions sur mesure pour les \u00e9v\u00e9nements, les espaces commerciaux et les foires, en alliant cr\u00e9ativit\u00e9, technologie et durabilit\u00e9. Nous sommes \u00e0 Lanciano (Ch) - Italie","robots":{"index":"index","follow":"follow","max-snippet":"max-snippet:-1","max-image-preview":"max-image-preview:large","max-video-preview":"max-video-preview:-1"},"canonical":"https:\/\/www.saf-allestimenti.com\/fr\/lentreprise\/","og_locale":"fr_FR","og_type":"article","og_title":"SAF Allestimenti : experts en am\u00e9nagements innovants et durables","og_description":"SAF Allestimenti garantit des solutions sur mesure pour les \u00e9v\u00e9nements, les espaces commerciaux et les foires, en alliant cr\u00e9ativit\u00e9, technologie et durabilit\u00e9. Nous sommes \u00e0 Lanciano (Ch) - Italie","og_url":"https:\/\/www.saf-allestimenti.com\/fr\/lentreprise\/","og_site_name":"Saf Allestimenti","article_modified_time":"2024-09-20T14:14:36+00:00","twitter_card":"summary_large_image","twitter_misc":{"Dur\u00e9e de lecture estim\u00e9e":"5 minutes"},"schema":{"@context":"https:\/\/schema.org","@graph":[{"@type":"WebPage","@id":"https:\/\/www.saf-allestimenti.com\/fr\/lentreprise\/","url":"https:\/\/www.saf-allestimenti.com\/fr\/lentreprise\/","name":"SAF Allestimenti : experts en am\u00e9nagements innovants et durables","isPartOf":{"@id":"https:\/\/www.saf-allestimenti.com\/fr\/#website"},"datePublished":"2023-05-24T07:36:28+00:00","dateModified":"2024-09-20T14:14:36+00:00","description":"SAF Allestimenti garantit des solutions sur mesure pour les \u00e9v\u00e9nements, les espaces commerciaux et les foires, en alliant cr\u00e9ativit\u00e9, technologie et durabilit\u00e9. Nous sommes \u00e0 Lanciano (Ch) - Italie","breadcrumb":{"@id":"https:\/\/www.saf-allestimenti.com\/fr\/lentreprise\/#breadcrumb"},"inLanguage":"fr-FR","potentialAction":[{"@type":"ReadAction","target":["https:\/\/www.saf-allestimenti.com\/fr\/lentreprise\/"]}]},{"@type":"BreadcrumbList","@id":"https:\/\/www.saf-allestimenti.com\/fr\/lentreprise\/#breadcrumb","itemListElement":[{"@type":"ListItem","position":1,"name":"Home","item":"https:\/\/www.saf-allestimenti.com\/fr\/"},{"@type":"ListItem","position":2,"name":"L&#8217;entreprise"}]},{"@type":"WebSite","@id":"https:\/\/www.saf-allestimenti.com\/fr\/#website","url":"https:\/\/www.saf-allestimenti.com\/fr\/","name":"Saf Allestimenti","description":"","publisher":{"@id":"https:\/\/www.saf-allestimenti.com\/fr\/#organization"},"potentialAction":[{"@type":"SearchAction","target":{"@type":"EntryPoint","urlTemplate":"https:\/\/www.saf-allestimenti.com\/fr\/?s={search_term_string}"},"query-input":{"@type":"PropertyValueSpecification","valueRequired":true,"valueName":"search_term_string"}}],"inLanguage":"fr-FR"},{"@type":"Organization","@id":"https:\/\/www.saf-allestimenti.com\/fr\/#organization","name":"Saf Allestimenti","url":"https:\/\/www.saf-allestimenti.com\/fr\/","logo":{"@type":"ImageObject","inLanguage":"fr-FR","@id":"https:\/\/www.saf-allestimenti.com\/fr\/#\/schema\/logo\/image\/","url":"https:\/\/www.saf-allestimenti.com\/wp-content\/uploads\/2024\/08\/saf-allestimenti-logo-bb.png","contentUrl":"https:\/\/www.saf-allestimenti.com\/wp-content\/uploads\/2024\/08\/saf-allestimenti-logo-bb.png","width":2000,"height":1155,"caption":"Saf Allestimenti"},"image":{"@id":"https:\/\/www.saf-allestimenti.com\/fr\/#\/schema\/logo\/image\/"},"sameAs":["https:\/\/www.linkedin.com\/company\/saf-allestimenti\/"]}]}},"_links":{"self":[{"href":"https:\/\/www.saf-allestimenti.com\/fr\/wp-json\/wp\/v2\/pages\/14596","targetHints":{"allow":["GET"]}}],"collection":[{"href":"https:\/\/www.saf-allestimenti.com\/fr\/wp-json\/wp\/v2\/pages"}],"about":[{"href":"https:\/\/www.saf-allestimenti.com\/fr\/wp-json\/wp\/v2\/types\/page"}],"author":[{"embeddable":true,"href":"https:\/\/www.saf-allestimenti.com\/fr\/wp-json\/wp\/v2\/users\/1"}],"replies":[{"embeddable":true,"href":"https:\/\/www.saf-allestimenti.com\/fr\/wp-json\/wp\/v2\/comments?post=14596"}],"version-history":[{"count":11,"href":"https:\/\/www.saf-allestimenti.com\/fr\/wp-json\/wp\/v2\/pages\/14596\/revisions"}],"predecessor-version":[{"id":14673,"href":"https:\/\/www.saf-allestimenti.com\/fr\/wp-json\/wp\/v2\/pages\/14596\/revisions\/14673"}],"wp:attachment":[{"href":"https:\/\/www.saf-allestimenti.com\/fr\/wp-json\/wp\/v2\/media?parent=14596"}],"curies":[{"name":"wp","href":"https:\/\/api.w.org\/{rel}","templated":true}]}}